{"id":6,"date":"2024-02-29T09:16:30","date_gmt":"2024-02-29T08:16:30","guid":{"rendered":"https:\/\/zelecsky-hradek.cz\/?page_id=6"},"modified":"2024-03-12T19:06:25","modified_gmt":"2024-03-12T18:06:25","slug":"aktuality","status":"publish","type":"page","link":"https:\/\/zelecsky-hradek.cz\/index.php\/aktuality\/","title":{"rendered":"Aktuality"},"content":{"rendered":"<form role=\"search\" method=\"get\" action=\"https:\/\/zelecsky-hradek.cz\/\" class=\"wp-block-search__button-outside wp-block-search__text-button wp-block-search\"    ><label class=\"wp-block-search__label\" for=\"wp-block-search__input-1\" >Hledat<\/label><div class=\"wp-block-search__inside-wrapper\" ><input class=\"wp-block-search__input\" id=\"wp-block-search__input-1\" placeholder=\"\" value=\"\" type=\"search\" name=\"s\" required \/><button aria-label=\"Hledat\" class=\"wp-block-search__button wp-element-button\" type=\"submit\" >Hledat<\/button><\/div><\/form>\n\n<p class=\"wp-block-tag-cloud\"><a href=\"https:\/\/zelecsky-hradek.cz\/index.php\/tag\/2011\/\" class=\"tag-cloud-link tag-link-8 tag-link-position-1\" style=\"font-size: 9.3404255319149pt;\" aria-label=\"2011 (2 polo\u017eky)\">2011<\/a>\n<a href=\"https:\/\/zelecsky-hradek.cz\/index.php\/tag\/2012\/\" class=\"tag-cloud-link tag-link-13 tag-link-position-2\" style=\"font-size: 9.3404255319149pt;\" aria-label=\"2012 (2 polo\u017eky)\">2012<\/a>\n<a href=\"https:\/\/zelecsky-hradek.cz\/index.php\/tag\/2013\/\" class=\"tag-cloud-link tag-link-17 tag-link-position-3\" style=\"font-size: 14.702127659574pt;\" aria-label=\"2013 (15 polo\u017eek)\">2013<\/a>\n<a href=\"https:\/\/zelecsky-hradek.cz\/index.php\/tag\/2014\/\" class=\"tag-cloud-link tag-link-23 tag-link-position-4\" style=\"font-size: 18.425531914894pt;\" aria-label=\"2014 (49 polo\u017eek)\">2014<\/a>\n<a href=\"https:\/\/zelecsky-hradek.cz\/index.php\/tag\/2015\/\" class=\"tag-cloud-link tag-link-26 tag-link-position-5\" style=\"font-size: 14.329787234043pt;\" aria-label=\"2015 (13 polo\u017eek)\">2015<\/a>\n<a href=\"https:\/\/zelecsky-hradek.cz\/index.php\/tag\/2016\/\" class=\"tag-cloud-link tag-link-29 tag-link-position-6\" style=\"font-size: 15.446808510638pt;\" aria-label=\"2016 (19 polo\u017eek)\">2016<\/a>\n<a href=\"https:\/\/zelecsky-hradek.cz\/index.php\/tag\/2017\/\" class=\"tag-cloud-link tag-link-31 tag-link-position-7\" style=\"font-size: 15.148936170213pt;\" aria-label=\"2017 (17 polo\u017eek)\">2017<\/a>\n<a href=\"https:\/\/zelecsky-hradek.cz\/index.php\/tag\/2018\/\" class=\"tag-cloud-link tag-link-33 tag-link-position-8\" style=\"font-size: 13.212765957447pt;\" aria-label=\"2018 (9 polo\u017eek)\">2018<\/a>\n<a href=\"https:\/\/zelecsky-hradek.cz\/index.php\/tag\/2019\/\" class=\"tag-cloud-link tag-link-35 tag-link-position-9\" style=\"font-size: 12.468085106383pt;\" aria-label=\"2019 (7 polo\u017eek)\">2019<\/a>\n<a href=\"https:\/\/zelecsky-hradek.cz\/index.php\/tag\/2020\/\" class=\"tag-cloud-link tag-link-37 tag-link-position-10\" style=\"font-size: 10.234042553191pt;\" aria-label=\"2020 (3 polo\u017eky)\">2020<\/a>\n<a href=\"https:\/\/zelecsky-hradek.cz\/index.php\/tag\/2021\/\" class=\"tag-cloud-link tag-link-39 tag-link-position-11\" style=\"font-size: 10.978723404255pt;\" aria-label=\"2021 (4 polo\u017eky)\">2021<\/a>\n<a href=\"https:\/\/zelecsky-hradek.cz\/index.php\/tag\/2022\/\" class=\"tag-cloud-link tag-link-41 tag-link-position-12\" style=\"font-size: 10.978723404255pt;\" aria-label=\"2022 (4 polo\u017eky)\">2022<\/a>\n<a href=\"https:\/\/zelecsky-hradek.cz\/index.php\/tag\/2024\/\" class=\"tag-cloud-link tag-link-44 tag-link-position-13\" style=\"font-size: 12.840425531915pt;\" aria-label=\"2024 (8 polo\u017eek)\">2024<\/a>\n<a href=\"https:\/\/zelecsky-hradek.cz\/index.php\/tag\/besi\/\" class=\"tag-cloud-link tag-link-9 tag-link-position-14\" style=\"font-size: 9.3404255319149pt;\" aria-label=\"Besi (2 polo\u017eky)\">Besi<\/a>\n<a href=\"https:\/\/zelecsky-hradek.cz\/index.php\/tag\/co-delaji-borderky\/\" class=\"tag-cloud-link tag-link-19 tag-link-position-15\" style=\"font-size: 18.425531914894pt;\" aria-label=\"co d\u011blaj\u00ed Borderky (49 polo\u017eek)\">co d\u011blaj\u00ed Borderky<\/a>\n<a href=\"https:\/\/zelecsky-hradek.cz\/index.php\/tag\/ipo-3\/\" class=\"tag-cloud-link tag-link-25 tag-link-position-16\" style=\"font-size: 8pt;\" aria-label=\"IPO 3 (1 polo\u017eka)\">IPO 3<\/a>\n<a href=\"https:\/\/zelecsky-hradek.cz\/index.php\/tag\/novinky\/\" class=\"tag-cloud-link tag-link-10 tag-link-position-17\" style=\"font-size: 22pt;\" aria-label=\"Novinky (152 polo\u017eek)\">Novinky<\/a>\n<a href=\"https:\/\/zelecsky-hradek.cz\/index.php\/tag\/paseni\/\" class=\"tag-cloud-link tag-link-21 tag-link-position-18\" style=\"font-size: 8pt;\" aria-label=\"pasen\u00ed (1 polo\u017eka)\">pasen\u00ed<\/a>\n<a href=\"https:\/\/zelecsky-hradek.cz\/index.php\/tag\/vrh-w\/\" class=\"tag-cloud-link tag-link-54 tag-link-position-19\" style=\"font-size: 8pt;\" aria-label=\"vrh W (1 polo\u017eka)\">vrh W<\/a>\n<a href=\"https:\/\/zelecsky-hradek.cz\/index.php\/tag\/uspechy\/\" class=\"tag-cloud-link tag-link-16 tag-link-position-20\" style=\"font-size: 16.042553191489pt;\" aria-label=\"\u00fasp\u011bchy (23 polo\u017eek)\">\u00fasp\u011bchy<\/a>\n<a href=\"https:\/\/zelecsky-hradek.cz\/index.php\/tag\/stenata\/\" class=\"tag-cloud-link tag-link-11 tag-link-position-21\" style=\"font-size: 20.212765957447pt;\" aria-label=\"\u0161t\u011b\u0148ata (86 polo\u017eek)\">\u0161t\u011b\u0148ata<\/a><\/p>\n\n\n<div class=\"wp-block-group alignwide is-nowrap is-layout-flex wp-container-core-group-is-layout-6c531013 wp-block-group-is-layout-flex\">\n<div class=\"wp-block-query alignwide is-layout-flow wp-block-query-is-layout-flow\">\n<div class=\"wp-block-group is-layout-flow wp-block-group-is-layout-flow\" style=\"margin-top:0;margin-bottom:0;padding-top:var(--wp--preset--spacing--20);padding-right:0;padding-bottom:var(--wp--preset--spacing--20);padding-left:0\"><ul class=\"columns-3 alignfull wp-block-post-template is-layout-grid wp-container-core-post-template-is-layout-2d080239 wp-block-post-template-is-layout-grid\"><li class=\"wp-block-post post-1418 post type-post status-publish format-standard has-post-thumbnail hentry category-43 category-novinky category-stenata tag-44 tag-novinky tag-stenata\">\n<figure style=\"aspect-ratio:3\/4; padding-bottom:var(--wp--preset--spacing--20);margin-bottom:0;\" class=\"wp-block-post-featured-image\"><a href=\"https:\/\/zelecsky-hradek.cz\/index.php\/2024\/07\/13\/vsechna-stenatka-mame-zadana\/\" target=\"_self\"  ><img loading=\"lazy\" decoding=\"async\" width=\"570\" height=\"394\" src=\"https:\/\/zelecsky-hradek.cz\/wp-content\/uploads\/2024\/07\/Snimek-obrazovky-2024-07-13-v-11.05.54.png\" class=\"attachment-post-thumbnail size-post-thumbnail wp-post-image\" alt=\"V\u0161echna \u0161t\u011b\u0148\u00e1tka m\u00e1me zadan\u00e1\" style=\"width:100%;height:100%;object-fit:cover;\" srcset=\"https:\/\/zelecsky-hradek.cz\/wp-content\/uploads\/2024\/07\/Snimek-obrazovky-2024-07-13-v-11.05.54.png 570w, https:\/\/zelecsky-hradek.cz\/wp-content\/uploads\/2024\/07\/Snimek-obrazovky-2024-07-13-v-11.05.54-300x207.png 300w\" sizes=\"auto, (max-width: 570px) 100vw, 570px\" \/><\/a><\/figure>\n\n\n<div class=\"wp-block-group is-vertical is-nowrap is-layout-flex wp-container-core-group-is-layout-97ba36a5 wp-block-group-is-layout-flex\" style=\"margin-top:var(--wp--preset--spacing--20);padding-top:0\"><h2 class=\"wp-block-post-title has-large-font-size wp-container-content-32e3a40d\"><a href=\"https:\/\/zelecsky-hradek.cz\/index.php\/2024\/07\/13\/vsechna-stenatka-mame-zadana\/\" target=\"_self\" >V\u0161echna \u0161t\u011b\u0148\u00e1tka m\u00e1me zadan\u00e1<\/a><\/h2>\n\n<div class=\"wp-block-template-part\">\n<div class=\"wp-block-group has-global-padding is-layout-constrained wp-block-group-is-layout-constrained\">\n<div class=\"wp-block-group is-content-justification-left is-layout-flex wp-container-core-group-is-layout-dfe8e91f wp-block-group-is-layout-flex\"><div class=\"wp-block-post-date\"><time datetime=\"2024-07-13T11:07:53+02:00\"><a href=\"https:\/\/zelecsky-hradek.cz\/index.php\/2024\/07\/13\/vsechna-stenatka-mame-zadana\/\">\u010cvc 13, 2024<\/a><\/time><\/div>\n\n\n<p class=\"has-contrast-2-color has-text-color\">\u2014<\/p>\n\n\n<div class=\"taxonomy-category wp-block-post-terms\"><a href=\"https:\/\/zelecsky-hradek.cz\/index.php\/category\/2024\/\" rel=\"tag\">2024<\/a><span class=\"wp-block-post-terms__separator\">, <\/span><a href=\"https:\/\/zelecsky-hradek.cz\/index.php\/category\/novinky\/\" rel=\"tag\">Novinky<\/a><span class=\"wp-block-post-terms__separator\">, <\/span><a href=\"https:\/\/zelecsky-hradek.cz\/index.php\/category\/stenata\/\" rel=\"tag\">\u0161t\u011b\u0148ata<\/a><\/div><\/div>\n<\/div>\n<\/div>\n\n<div class=\"wp-block-post-excerpt has-text-color has-contrast-2-color has-small-font-size wp-container-content-32e3a40d\"><p class=\"wp-block-post-excerpt__excerpt\">V\u0161echna \u0161t\u011b\u0148\u00e1tka u\u017e maj\u00ed nov\u00fd domov. <\/p><\/div>\n\n\n<div style=\"height:0px\" aria-hidden=\"true\" class=\"wp-block-spacer wp-container-content-32e3a40d\"><\/div>\n<\/div>\n\n<\/li><li class=\"wp-block-post post-1411 post type-post status-publish format-standard has-post-thumbnail hentry category-43 category-novinky category-stenata tag-44 tag-novinky tag-stenata\">\n<figure style=\"aspect-ratio:3\/4; padding-bottom:var(--wp--preset--spacing--20);margin-bottom:0;\" class=\"wp-block-post-featured-image\"><a href=\"https:\/\/zelecsky-hradek.cz\/index.php\/2024\/07\/11\/posledni-volne-stenatko\/\" target=\"_self\"  ><img loading=\"lazy\" decoding=\"async\" width=\"2048\" height=\"1536\" src=\"https:\/\/zelecsky-hradek.cz\/wp-content\/uploads\/2024\/07\/IMG_1367.jpg\" class=\"attachment-post-thumbnail size-post-thumbnail wp-post-image\" alt=\"Posledn\u00ed voln\u00e9 \u0161t\u011b\u0148\u00e1tko!\" style=\"width:100%;height:100%;object-fit:cover;\" srcset=\"https:\/\/zelecsky-hradek.cz\/wp-content\/uploads\/2024\/07\/IMG_1367.jpg 2048w, https:\/\/zelecsky-hradek.cz\/wp-content\/uploads\/2024\/07\/IMG_1367-300x225.jpg 300w, https:\/\/zelecsky-hradek.cz\/wp-content\/uploads\/2024\/07\/IMG_1367-1024x768.jpg 1024w, https:\/\/zelecsky-hradek.cz\/wp-content\/uploads\/2024\/07\/IMG_1367-768x576.jpg 768w, https:\/\/zelecsky-hradek.cz\/wp-content\/uploads\/2024\/07\/IMG_1367-1536x1152.jpg 1536w\" sizes=\"auto, (max-width: 2048px) 100vw, 2048px\" \/><\/a><\/figure>\n\n\n<div class=\"wp-block-group is-vertical is-nowrap is-layout-flex wp-container-core-group-is-layout-97ba36a5 wp-block-group-is-layout-flex\" style=\"margin-top:var(--wp--preset--spacing--20);padding-top:0\"><h2 class=\"wp-block-post-title has-large-font-size wp-container-content-32e3a40d\"><a href=\"https:\/\/zelecsky-hradek.cz\/index.php\/2024\/07\/11\/posledni-volne-stenatko\/\" target=\"_self\" >Posledn\u00ed voln\u00e9 \u0161t\u011b\u0148\u00e1tko!<\/a><\/h2>\n\n<div class=\"wp-block-template-part\">\n<div class=\"wp-block-group has-global-padding is-layout-constrained wp-block-group-is-layout-constrained\">\n<div class=\"wp-block-group is-content-justification-left is-layout-flex wp-container-core-group-is-layout-dfe8e91f wp-block-group-is-layout-flex\"><div class=\"wp-block-post-date\"><time datetime=\"2024-07-11T09:40:49+02:00\"><a href=\"https:\/\/zelecsky-hradek.cz\/index.php\/2024\/07\/11\/posledni-volne-stenatko\/\">\u010cvc 11, 2024<\/a><\/time><\/div>\n\n\n<p class=\"has-contrast-2-color has-text-color\">\u2014<\/p>\n\n\n<div class=\"taxonomy-category wp-block-post-terms\"><a href=\"https:\/\/zelecsky-hradek.cz\/index.php\/category\/2024\/\" rel=\"tag\">2024<\/a><span class=\"wp-block-post-terms__separator\">, <\/span><a href=\"https:\/\/zelecsky-hradek.cz\/index.php\/category\/novinky\/\" rel=\"tag\">Novinky<\/a><span class=\"wp-block-post-terms__separator\">, <\/span><a href=\"https:\/\/zelecsky-hradek.cz\/index.php\/category\/stenata\/\" rel=\"tag\">\u0161t\u011b\u0148ata<\/a><\/div><\/div>\n<\/div>\n<\/div>\n\n<div class=\"wp-block-post-excerpt has-text-color has-contrast-2-color has-small-font-size wp-container-content-32e3a40d\"><p class=\"wp-block-post-excerpt__excerpt\">M\u00e1me posledn\u00ed voln\u00e9 \u0161t\u011b\u0148\u00e1tko a t\u00edm je pejsek WOODY. Odb\u011br ke konci \u010dervence 2024. Tak nev\u00e1hejte si ho zarezervovat :-)) <\/p><\/div>\n\n\n<div style=\"height:0px\" aria-hidden=\"true\" class=\"wp-block-spacer wp-container-content-32e3a40d\"><\/div>\n<\/div>\n\n<\/li><li class=\"wp-block-post post-1392 post type-post status-publish format-standard has-post-thumbnail hentry category-43 category-stenata tag-44 tag-novinky tag-stenata\">\n<figure style=\"aspect-ratio:3\/4; padding-bottom:var(--wp--preset--spacing--20);margin-bottom:0;\" class=\"wp-block-post-featured-image\"><a href=\"https:\/\/zelecsky-hradek.cz\/index.php\/2024\/06\/11\/posledni-2-stenatka-jsou-volna\/\" target=\"_self\"  ><img loading=\"lazy\" decoding=\"async\" width=\"2048\" height=\"693\" src=\"https:\/\/zelecsky-hradek.cz\/wp-content\/uploads\/2024\/06\/IMG_0945.jpg\" class=\"attachment-post-thumbnail size-post-thumbnail wp-post-image\" alt=\"Posledn\u00ed 2 \u0161t\u011b\u0148\u00e1tka jsou voln\u00e1\" style=\"width:100%;height:100%;object-fit:cover;\" srcset=\"https:\/\/zelecsky-hradek.cz\/wp-content\/uploads\/2024\/06\/IMG_0945.jpg 2048w, https:\/\/zelecsky-hradek.cz\/wp-content\/uploads\/2024\/06\/IMG_0945-300x102.jpg 300w, https:\/\/zelecsky-hradek.cz\/wp-content\/uploads\/2024\/06\/IMG_0945-1024x347.jpg 1024w, https:\/\/zelecsky-hradek.cz\/wp-content\/uploads\/2024\/06\/IMG_0945-768x260.jpg 768w, https:\/\/zelecsky-hradek.cz\/wp-content\/uploads\/2024\/06\/IMG_0945-1536x520.jpg 1536w\" sizes=\"auto, (max-width: 2048px) 100vw, 2048px\" \/><\/a><\/figure>\n\n\n<div class=\"wp-block-group is-vertical is-nowrap is-layout-flex wp-container-core-group-is-layout-97ba36a5 wp-block-group-is-layout-flex\" style=\"margin-top:var(--wp--preset--spacing--20);padding-top:0\"><h2 class=\"wp-block-post-title has-large-font-size wp-container-content-32e3a40d\"><a href=\"https:\/\/zelecsky-hradek.cz\/index.php\/2024\/06\/11\/posledni-2-stenatka-jsou-volna\/\" target=\"_self\" >Posledn\u00ed 2 \u0161t\u011b\u0148\u00e1tka jsou voln\u00e1<\/a><\/h2>\n\n<div class=\"wp-block-template-part\">\n<div class=\"wp-block-group has-global-padding is-layout-constrained wp-block-group-is-layout-constrained\">\n<div class=\"wp-block-group is-content-justification-left is-layout-flex wp-container-core-group-is-layout-dfe8e91f wp-block-group-is-layout-flex\"><div class=\"wp-block-post-date\"><time datetime=\"2024-06-11T10:31:04+02:00\"><a href=\"https:\/\/zelecsky-hradek.cz\/index.php\/2024\/06\/11\/posledni-2-stenatka-jsou-volna\/\">\u010cvn 11, 2024<\/a><\/time><\/div>\n\n\n<p class=\"has-contrast-2-color has-text-color\">\u2014<\/p>\n\n\n<div class=\"taxonomy-category wp-block-post-terms\"><a href=\"https:\/\/zelecsky-hradek.cz\/index.php\/category\/2024\/\" rel=\"tag\">2024<\/a><span class=\"wp-block-post-terms__separator\">, <\/span><a href=\"https:\/\/zelecsky-hradek.cz\/index.php\/category\/stenata\/\" rel=\"tag\">\u0161t\u011b\u0148ata<\/a><\/div><\/div>\n<\/div>\n<\/div>\n\n<div class=\"wp-block-post-excerpt has-text-color has-contrast-2-color has-small-font-size wp-container-content-32e3a40d\"><p class=\"wp-block-post-excerpt__excerpt\"> <\/p><\/div>\n\n\n<div style=\"height:0px\" aria-hidden=\"true\" class=\"wp-block-spacer wp-container-content-32e3a40d\"><\/div>\n<\/div>\n\n<\/li><li class=\"wp-block-post post-1379 post type-post status-publish format-standard has-post-thumbnail hentry category-43 category-novinky category-stenata tag-44 tag-novinky tag-stenata tag-vrh-w\">\n<figure style=\"aspect-ratio:3\/4; padding-bottom:var(--wp--preset--spacing--20);margin-bottom:0;\" class=\"wp-block-post-featured-image\"><a href=\"https:\/\/zelecsky-hradek.cz\/index.php\/2024\/06\/02\/mame-stenatka-vrh-w\/\" target=\"_self\"  ><img loading=\"lazy\" decoding=\"async\" width=\"2048\" height=\"1536\" src=\"https:\/\/zelecsky-hradek.cz\/wp-content\/uploads\/2024\/06\/IMG_0852.jpg\" class=\"attachment-post-thumbnail size-post-thumbnail wp-post-image\" alt=\"M\u00e1me \u0161t\u011b\u0148\u00e1tka &#8211; vrh W\" style=\"width:100%;height:100%;object-fit:cover;\" srcset=\"https:\/\/zelecsky-hradek.cz\/wp-content\/uploads\/2024\/06\/IMG_0852.jpg 2048w, https:\/\/zelecsky-hradek.cz\/wp-content\/uploads\/2024\/06\/IMG_0852-300x225.jpg 300w, https:\/\/zelecsky-hradek.cz\/wp-content\/uploads\/2024\/06\/IMG_0852-1024x768.jpg 1024w, https:\/\/zelecsky-hradek.cz\/wp-content\/uploads\/2024\/06\/IMG_0852-768x576.jpg 768w, https:\/\/zelecsky-hradek.cz\/wp-content\/uploads\/2024\/06\/IMG_0852-1536x1152.jpg 1536w\" sizes=\"auto, (max-width: 2048px) 100vw, 2048px\" \/><\/a><\/figure>\n\n\n<div class=\"wp-block-group is-vertical is-nowrap is-layout-flex wp-container-core-group-is-layout-97ba36a5 wp-block-group-is-layout-flex\" style=\"margin-top:var(--wp--preset--spacing--20);padding-top:0\"><h2 class=\"wp-block-post-title has-large-font-size wp-container-content-32e3a40d\"><a href=\"https:\/\/zelecsky-hradek.cz\/index.php\/2024\/06\/02\/mame-stenatka-vrh-w\/\" target=\"_self\" >M\u00e1me \u0161t\u011b\u0148\u00e1tka &#8211; vrh W<\/a><\/h2>\n\n<div class=\"wp-block-template-part\">\n<div class=\"wp-block-group has-global-padding is-layout-constrained wp-block-group-is-layout-constrained\">\n<div class=\"wp-block-group is-content-justification-left is-layout-flex wp-container-core-group-is-layout-dfe8e91f wp-block-group-is-layout-flex\"><div class=\"wp-block-post-date\"><time datetime=\"2024-06-02T17:36:42+02:00\"><a href=\"https:\/\/zelecsky-hradek.cz\/index.php\/2024\/06\/02\/mame-stenatka-vrh-w\/\">\u010cvn 2, 2024<\/a><\/time><\/div>\n\n\n<p class=\"has-contrast-2-color has-text-color\">\u2014<\/p>\n\n\n<div class=\"taxonomy-category wp-block-post-terms\"><a href=\"https:\/\/zelecsky-hradek.cz\/index.php\/category\/2024\/\" rel=\"tag\">2024<\/a><span class=\"wp-block-post-terms__separator\">, <\/span><a href=\"https:\/\/zelecsky-hradek.cz\/index.php\/category\/novinky\/\" rel=\"tag\">Novinky<\/a><span class=\"wp-block-post-terms__separator\">, <\/span><a href=\"https:\/\/zelecsky-hradek.cz\/index.php\/category\/stenata\/\" rel=\"tag\">\u0161t\u011b\u0148ata<\/a><\/div><\/div>\n<\/div>\n<\/div>\n\n<div class=\"wp-block-post-excerpt has-text-color has-contrast-2-color has-small-font-size wp-container-content-32e3a40d\"><p class=\"wp-block-post-excerpt__excerpt\">V\u010dera 1. \u010dervna 2024 se narodila \u0161t\u011b\u0148\u00e1tka &#8211; vrh W. Jsou to 4 kr\u00e1sn\u00ed pejsci. M\u00e1mou je Phoebe \u017dele\u010dsk\u00fd hr\u00e1dek a t\u00e1tou De Solo Queen of Garden. P\u0159ij\u00edm\u00e1me rezervace na pejsky. Sta\u010d\u00ed si jen vybrat \ud83d\ude42 <\/p><\/div>\n\n\n<div style=\"height:0px\" aria-hidden=\"true\" class=\"wp-block-spacer wp-container-content-32e3a40d\"><\/div>\n<\/div>\n\n<\/li><li class=\"wp-block-post post-1353 post type-post status-publish format-standard has-post-thumbnail hentry category-43 category-novinky tag-44 tag-novinky\">\n<figure style=\"aspect-ratio:3\/4; padding-bottom:var(--wp--preset--spacing--20);margin-bottom:0;\" class=\"wp-block-post-featured-image\"><a href=\"https:\/\/zelecsky-hradek.cz\/index.php\/2024\/05\/09\/dafi-odesla-do-psiho-nebe\/\" target=\"_self\"  ><img loading=\"lazy\" decoding=\"async\" width=\"406\" height=\"522\" src=\"https:\/\/zelecsky-hradek.cz\/wp-content\/uploads\/2024\/05\/Snimek-obrazovky-2024-05-09-v-8.46.57.png\" class=\"attachment-post-thumbnail size-post-thumbnail wp-post-image\" alt=\"Dafy ode\u0161la do ps\u00edho nebe\" style=\"width:100%;height:100%;object-fit:cover;\" srcset=\"https:\/\/zelecsky-hradek.cz\/wp-content\/uploads\/2024\/05\/Snimek-obrazovky-2024-05-09-v-8.46.57.png 406w, https:\/\/zelecsky-hradek.cz\/wp-content\/uploads\/2024\/05\/Snimek-obrazovky-2024-05-09-v-8.46.57-233x300.png 233w\" sizes=\"auto, (max-width: 406px) 100vw, 406px\" \/><\/a><\/figure>\n\n\n<div class=\"wp-block-group is-vertical is-nowrap is-layout-flex wp-container-core-group-is-layout-97ba36a5 wp-block-group-is-layout-flex\" style=\"margin-top:var(--wp--preset--spacing--20);padding-top:0\"><h2 class=\"wp-block-post-title has-large-font-size wp-container-content-32e3a40d\"><a href=\"https:\/\/zelecsky-hradek.cz\/index.php\/2024\/05\/09\/dafi-odesla-do-psiho-nebe\/\" target=\"_self\" >Dafy ode\u0161la do ps\u00edho nebe<\/a><\/h2>\n\n<div class=\"wp-block-template-part\">\n<div class=\"wp-block-group has-global-padding is-layout-constrained wp-block-group-is-layout-constrained\">\n<div class=\"wp-block-group is-content-justification-left is-layout-flex wp-container-core-group-is-layout-dfe8e91f wp-block-group-is-layout-flex\"><div class=\"wp-block-post-date\"><time datetime=\"2024-05-09T08:49:06+02:00\"><a href=\"https:\/\/zelecsky-hradek.cz\/index.php\/2024\/05\/09\/dafi-odesla-do-psiho-nebe\/\">Kv\u011b 9, 2024<\/a><\/time><\/div>\n\n\n<p class=\"has-contrast-2-color has-text-color\">\u2014<\/p>\n\n\n<div class=\"taxonomy-category wp-block-post-terms\"><a href=\"https:\/\/zelecsky-hradek.cz\/index.php\/category\/2024\/\" rel=\"tag\">2024<\/a><span class=\"wp-block-post-terms__separator\">, <\/span><a href=\"https:\/\/zelecsky-hradek.cz\/index.php\/category\/novinky\/\" rel=\"tag\">Novinky<\/a><\/div><\/div>\n<\/div>\n<\/div>\n\n<div class=\"wp-block-post-excerpt has-text-color has-contrast-2-color has-small-font-size wp-container-content-32e3a40d\"><p class=\"wp-block-post-excerpt__excerpt\">Dnes jsme se rozlou\u010dili s t\u011b\u017ek\u00fdm srdcem s na\u0161i milovanou Dafy Daphne Haliba 29.7.2009 &#8211; 6.5. 2024 R.I.P. Dafynko na\u0161e te\u010f u\u017e jsi v ps\u00edm neb\u00ed\u010dku i s Besinku a b\u011bh\u00e1te tam spolu. <\/p><\/div>\n\n\n<div style=\"height:0px\" aria-hidden=\"true\" class=\"wp-block-spacer wp-container-content-32e3a40d\"><\/div>\n<\/div>\n\n<\/li><li class=\"wp-block-post post-1342 post type-post status-publish format-standard has-post-thumbnail hentry category-43 category-novinky category-stenata tag-44 tag-novinky tag-stenata\">\n<figure style=\"aspect-ratio:3\/4; padding-bottom:var(--wp--preset--spacing--20);margin-bottom:0;\" class=\"wp-block-post-featured-image\"><a href=\"https:\/\/zelecsky-hradek.cz\/index.php\/2024\/04\/29\/stenatka-budou-v-lete\/\" target=\"_self\"  ><img loading=\"lazy\" decoding=\"async\" width=\"1181\" height=\"1064\" src=\"https:\/\/zelecsky-hradek.cz\/wp-content\/uploads\/2024\/04\/letacek-ok-psi-1.jpg\" class=\"attachment-post-thumbnail size-post-thumbnail wp-post-image\" alt=\"\u0160t\u011b\u0148\u00e1tka budou v l\u00e9t\u011b\" style=\"width:100%;height:100%;object-fit:cover;\" srcset=\"https:\/\/zelecsky-hradek.cz\/wp-content\/uploads\/2024\/04\/letacek-ok-psi-1.jpg 1181w, https:\/\/zelecsky-hradek.cz\/wp-content\/uploads\/2024\/04\/letacek-ok-psi-1-300x270.jpg 300w, https:\/\/zelecsky-hradek.cz\/wp-content\/uploads\/2024\/04\/letacek-ok-psi-1-1024x923.jpg 1024w, https:\/\/zelecsky-hradek.cz\/wp-content\/uploads\/2024\/04\/letacek-ok-psi-1-768x692.jpg 768w\" sizes=\"auto, (max-width: 1181px) 100vw, 1181px\" \/><\/a><\/figure>\n\n\n<div class=\"wp-block-group is-vertical is-nowrap is-layout-flex wp-container-core-group-is-layout-97ba36a5 wp-block-group-is-layout-flex\" style=\"margin-top:var(--wp--preset--spacing--20);padding-top:0\"><h2 class=\"wp-block-post-title has-large-font-size wp-container-content-32e3a40d\"><a href=\"https:\/\/zelecsky-hradek.cz\/index.php\/2024\/04\/29\/stenatka-budou-v-lete\/\" target=\"_self\" >\u0160t\u011b\u0148\u00e1tka budou v l\u00e9t\u011b<\/a><\/h2>\n\n<div class=\"wp-block-template-part\">\n<div class=\"wp-block-group has-global-padding is-layout-constrained wp-block-group-is-layout-constrained\">\n<div class=\"wp-block-group is-content-justification-left is-layout-flex wp-container-core-group-is-layout-dfe8e91f wp-block-group-is-layout-flex\"><div class=\"wp-block-post-date\"><time datetime=\"2024-04-29T13:30:54+02:00\"><a href=\"https:\/\/zelecsky-hradek.cz\/index.php\/2024\/04\/29\/stenatka-budou-v-lete\/\">Dub 29, 2024<\/a><\/time><\/div>\n\n\n<p class=\"has-contrast-2-color has-text-color\">\u2014<\/p>\n\n\n<div class=\"taxonomy-category wp-block-post-terms\"><a href=\"https:\/\/zelecsky-hradek.cz\/index.php\/category\/2024\/\" rel=\"tag\">2024<\/a><span class=\"wp-block-post-terms__separator\">, <\/span><a href=\"https:\/\/zelecsky-hradek.cz\/index.php\/category\/novinky\/\" rel=\"tag\">Novinky<\/a><span class=\"wp-block-post-terms__separator\">, <\/span><a href=\"https:\/\/zelecsky-hradek.cz\/index.php\/category\/stenata\/\" rel=\"tag\">\u0161t\u011b\u0148ata<\/a><\/div><\/div>\n<\/div>\n<\/div>\n\n<div class=\"wp-block-post-excerpt has-text-color has-contrast-2-color has-small-font-size wp-container-content-32e3a40d\"><p class=\"wp-block-post-excerpt__excerpt\">U Phoebe \u017dele\u010dsk\u00fd hr\u00e1dek byla potvrzena b\u0159ezost. Narozen\u00ed \u0161t\u011b\u0148\u00e1tek &#8211; vrh W o\u010dek\u00e1v\u00e1me koncem kv\u011btna. Otec: De Solo Queen of Garden. Na \u0161t\u011b\u0148\u00e1tka z vrhu W u\u017e p\u0159ij\u00edm\u00e1me rezervace. Phoebe \u017dele\u010dsk\u00fd hr\u00e1dek&nbsp; Zdrav\u00ed: DKK B, DLK 0\/0, OCD neposti\u017eena, DOV prost\u00fd DNA: CEA carrier, TNS, NCL, GG, MDR1 normal,&nbsp; IGS, RS normal Zkou\u0161ky: NHAT, HWT&hellip; <\/p><\/div>\n\n\n<div style=\"height:0px\" aria-hidden=\"true\" class=\"wp-block-spacer wp-container-content-32e3a40d\"><\/div>\n<\/div>\n\n<\/li><li class=\"wp-block-post post-1327 post type-post status-publish format-standard has-post-thumbnail hentry category-43 category-novinky category-stenata tag-44 tag-novinky tag-stenata\">\n<figure style=\"aspect-ratio:3\/4; padding-bottom:var(--wp--preset--spacing--20);margin-bottom:0;\" class=\"wp-block-post-featured-image\"><a href=\"https:\/\/zelecsky-hradek.cz\/index.php\/2024\/04\/05\/mame-nakryto-bude-vrh-w\/\" target=\"_self\"  ><img loading=\"lazy\" decoding=\"async\" width=\"1536\" height=\"2048\" src=\"https:\/\/zelecsky-hradek.cz\/wp-content\/uploads\/2024\/04\/434313778_2692990367533307_8327953205451249083_n.jpg\" class=\"attachment-post-thumbnail size-post-thumbnail wp-post-image\" alt=\"M\u00e1me nakryto &#8211; bude vrh W\" style=\"width:100%;height:100%;object-fit:cover;\" srcset=\"https:\/\/zelecsky-hradek.cz\/wp-content\/uploads\/2024\/04\/434313778_2692990367533307_8327953205451249083_n.jpg 1536w, https:\/\/zelecsky-hradek.cz\/wp-content\/uploads\/2024\/04\/434313778_2692990367533307_8327953205451249083_n-225x300.jpg 225w, https:\/\/zelecsky-hradek.cz\/wp-content\/uploads\/2024\/04\/434313778_2692990367533307_8327953205451249083_n-768x1024.jpg 768w, https:\/\/zelecsky-hradek.cz\/wp-content\/uploads\/2024\/04\/434313778_2692990367533307_8327953205451249083_n-1152x1536.jpg 1152w\" sizes=\"auto, (max-width: 1536px) 100vw, 1536px\" \/><\/a><\/figure>\n\n\n<div class=\"wp-block-group is-vertical is-nowrap is-layout-flex wp-container-core-group-is-layout-97ba36a5 wp-block-group-is-layout-flex\" style=\"margin-top:var(--wp--preset--spacing--20);padding-top:0\"><h2 class=\"wp-block-post-title has-large-font-size wp-container-content-32e3a40d\"><a href=\"https:\/\/zelecsky-hradek.cz\/index.php\/2024\/04\/05\/mame-nakryto-bude-vrh-w\/\" target=\"_self\" >M\u00e1me nakryto &#8211; bude vrh W<\/a><\/h2>\n\n<div class=\"wp-block-template-part\">\n<div class=\"wp-block-group has-global-padding is-layout-constrained wp-block-group-is-layout-constrained\">\n<div class=\"wp-block-group is-content-justification-left is-layout-flex wp-container-core-group-is-layout-dfe8e91f wp-block-group-is-layout-flex\"><div class=\"wp-block-post-date\"><time datetime=\"2024-04-05T11:22:09+02:00\"><a href=\"https:\/\/zelecsky-hradek.cz\/index.php\/2024\/04\/05\/mame-nakryto-bude-vrh-w\/\">Dub 5, 2024<\/a><\/time><\/div>\n\n\n<p class=\"has-contrast-2-color has-text-color\">\u2014<\/p>\n\n\n<div class=\"taxonomy-category wp-block-post-terms\"><a href=\"https:\/\/zelecsky-hradek.cz\/index.php\/category\/2024\/\" rel=\"tag\">2024<\/a><span class=\"wp-block-post-terms__separator\">, <\/span><a href=\"https:\/\/zelecsky-hradek.cz\/index.php\/category\/novinky\/\" rel=\"tag\">Novinky<\/a><span class=\"wp-block-post-terms__separator\">, <\/span><a href=\"https:\/\/zelecsky-hradek.cz\/index.php\/category\/stenata\/\" rel=\"tag\">\u0161t\u011b\u0148ata<\/a><\/div><\/div>\n<\/div>\n<\/div>\n\n<div class=\"wp-block-post-excerpt has-text-color has-contrast-2-color has-small-font-size wp-container-content-32e3a40d\"><p class=\"wp-block-post-excerpt__excerpt\">M\u00e1me nakryto bereme rezervace na tento vrh W. <\/p><\/div>\n\n\n<div style=\"height:0px\" aria-hidden=\"true\" class=\"wp-block-spacer wp-container-content-32e3a40d\"><\/div>\n<\/div>\n\n<\/li><li class=\"wp-block-post post-1078 post type-post status-publish format-standard has-post-thumbnail hentry category-42 category-43 category-novinky category-stenata tag-44 tag-novinky tag-stenata\">\n<figure style=\"aspect-ratio:3\/4; padding-bottom:var(--wp--preset--spacing--20);margin-bottom:0;\" class=\"wp-block-post-featured-image\"><a href=\"https:\/\/zelecsky-hradek.cz\/index.php\/2023\/09\/25\/stenatka-planujeme-na-jaro-2024\/\" target=\"_self\"  ><img loading=\"lazy\" decoding=\"async\" width=\"1834\" height=\"810\" src=\"https:\/\/zelecsky-hradek.cz\/wp-content\/uploads\/2024\/03\/Phoebe-Zelecsky-hradek-a-tatou-De-Solo-Queen-of-Garden-1.jpg\" class=\"attachment-post-thumbnail size-post-thumbnail wp-post-image\" alt=\"\u0160t\u011b\u0148\u00e1tka pl\u00e1nujeme na jaro 2024\" style=\"width:100%;height:100%;object-fit:cover;\" srcset=\"https:\/\/zelecsky-hradek.cz\/wp-content\/uploads\/2024\/03\/Phoebe-Zelecsky-hradek-a-tatou-De-Solo-Queen-of-Garden-1.jpg 1834w, https:\/\/zelecsky-hradek.cz\/wp-content\/uploads\/2024\/03\/Phoebe-Zelecsky-hradek-a-tatou-De-Solo-Queen-of-Garden-1-300x132.jpg 300w, https:\/\/zelecsky-hradek.cz\/wp-content\/uploads\/2024\/03\/Phoebe-Zelecsky-hradek-a-tatou-De-Solo-Queen-of-Garden-1-1024x452.jpg 1024w, https:\/\/zelecsky-hradek.cz\/wp-content\/uploads\/2024\/03\/Phoebe-Zelecsky-hradek-a-tatou-De-Solo-Queen-of-Garden-1-768x339.jpg 768w, https:\/\/zelecsky-hradek.cz\/wp-content\/uploads\/2024\/03\/Phoebe-Zelecsky-hradek-a-tatou-De-Solo-Queen-of-Garden-1-1536x678.jpg 1536w\" sizes=\"auto, (max-width: 1834px) 100vw, 1834px\" \/><\/a><\/figure>\n\n\n<div class=\"wp-block-group is-vertical is-nowrap is-layout-flex wp-container-core-group-is-layout-97ba36a5 wp-block-group-is-layout-flex\" style=\"margin-top:var(--wp--preset--spacing--20);padding-top:0\"><h2 class=\"wp-block-post-title has-large-font-size wp-container-content-32e3a40d\"><a href=\"https:\/\/zelecsky-hradek.cz\/index.php\/2023\/09\/25\/stenatka-planujeme-na-jaro-2024\/\" target=\"_self\" >\u0160t\u011b\u0148\u00e1tka pl\u00e1nujeme na jaro 2024<\/a><\/h2>\n\n<div class=\"wp-block-template-part\">\n<div class=\"wp-block-group has-global-padding is-layout-constrained wp-block-group-is-layout-constrained\">\n<div class=\"wp-block-group is-content-justification-left is-layout-flex wp-container-core-group-is-layout-dfe8e91f wp-block-group-is-layout-flex\"><div class=\"wp-block-post-date\"><time datetime=\"2023-09-25T18:52:00+02:00\"><a href=\"https:\/\/zelecsky-hradek.cz\/index.php\/2023\/09\/25\/stenatka-planujeme-na-jaro-2024\/\">Z\u00e1\u0159 25, 2023<\/a><\/time><\/div>\n\n\n<p class=\"has-contrast-2-color has-text-color\">\u2014<\/p>\n\n\n<div class=\"taxonomy-category wp-block-post-terms\"><a href=\"https:\/\/zelecsky-hradek.cz\/index.php\/category\/2023\/\" rel=\"tag\">2023<\/a><span class=\"wp-block-post-terms__separator\">, <\/span><a href=\"https:\/\/zelecsky-hradek.cz\/index.php\/category\/2024\/\" rel=\"tag\">2024<\/a><span class=\"wp-block-post-terms__separator\">, <\/span><a href=\"https:\/\/zelecsky-hradek.cz\/index.php\/category\/novinky\/\" rel=\"tag\">Novinky<\/a><span class=\"wp-block-post-terms__separator\">, <\/span><a href=\"https:\/\/zelecsky-hradek.cz\/index.php\/category\/stenata\/\" rel=\"tag\">\u0161t\u011b\u0148ata<\/a><\/div><\/div>\n<\/div>\n<\/div>\n\n<div class=\"wp-block-post-excerpt has-text-color has-contrast-2-color has-small-font-size wp-container-content-32e3a40d\"><p class=\"wp-block-post-excerpt__excerpt\">M\u00e1mou bude Phoebe \u017dele\u010dsk\u00fd hr\u00e1dek a t\u00e1tou De Solo Queen of Garden. <\/p><\/div>\n\n\n<div style=\"height:0px\" aria-hidden=\"true\" class=\"wp-block-spacer wp-container-content-32e3a40d\"><\/div>\n<\/div>\n\n<\/li><li class=\"wp-block-post post-1069 post type-post status-publish format-standard has-post-thumbnail hentry category-40 category-novinky category-stenata tag-41 tag-novinky tag-stenata\">\n<figure style=\"aspect-ratio:3\/4; padding-bottom:var(--wp--preset--spacing--20);margin-bottom:0;\" class=\"wp-block-post-featured-image\"><a href=\"https:\/\/zelecsky-hradek.cz\/index.php\/2022\/06\/08\/vrh-v-ma-3-tydny\/\" target=\"_self\"  ><img loading=\"lazy\" decoding=\"async\" width=\"1808\" height=\"2048\" src=\"https:\/\/zelecsky-hradek.cz\/wp-content\/uploads\/2024\/03\/0f9f986b-1d8c-48bc-9639-9e6078ea27c0.jpg\" class=\"attachment-post-thumbnail size-post-thumbnail wp-post-image\" alt=\"Vrh V &#8211; m\u00e1 3 t\u00fddny\" style=\"width:100%;height:100%;object-fit:cover;\" srcset=\"https:\/\/zelecsky-hradek.cz\/wp-content\/uploads\/2024\/03\/0f9f986b-1d8c-48bc-9639-9e6078ea27c0.jpg 1808w, https:\/\/zelecsky-hradek.cz\/wp-content\/uploads\/2024\/03\/0f9f986b-1d8c-48bc-9639-9e6078ea27c0-265x300.jpg 265w, https:\/\/zelecsky-hradek.cz\/wp-content\/uploads\/2024\/03\/0f9f986b-1d8c-48bc-9639-9e6078ea27c0-904x1024.jpg 904w, https:\/\/zelecsky-hradek.cz\/wp-content\/uploads\/2024\/03\/0f9f986b-1d8c-48bc-9639-9e6078ea27c0-768x870.jpg 768w, https:\/\/zelecsky-hradek.cz\/wp-content\/uploads\/2024\/03\/0f9f986b-1d8c-48bc-9639-9e6078ea27c0-1356x1536.jpg 1356w\" sizes=\"auto, (max-width: 1808px) 100vw, 1808px\" \/><\/a><\/figure>\n\n\n<div class=\"wp-block-group is-vertical is-nowrap is-layout-flex wp-container-core-group-is-layout-97ba36a5 wp-block-group-is-layout-flex\" style=\"margin-top:var(--wp--preset--spacing--20);padding-top:0\"><h2 class=\"wp-block-post-title has-large-font-size wp-container-content-32e3a40d\"><a href=\"https:\/\/zelecsky-hradek.cz\/index.php\/2022\/06\/08\/vrh-v-ma-3-tydny\/\" target=\"_self\" >Vrh V &#8211; m\u00e1 3 t\u00fddny<\/a><\/h2>\n\n<div class=\"wp-block-template-part\">\n<div class=\"wp-block-group has-global-padding is-layout-constrained wp-block-group-is-layout-constrained\">\n<div class=\"wp-block-group is-content-justification-left is-layout-flex wp-container-core-group-is-layout-dfe8e91f wp-block-group-is-layout-flex\"><div class=\"wp-block-post-date\"><time datetime=\"2022-06-08T18:50:00+02:00\"><a href=\"https:\/\/zelecsky-hradek.cz\/index.php\/2022\/06\/08\/vrh-v-ma-3-tydny\/\">\u010cvn 8, 2022<\/a><\/time><\/div>\n\n\n<p class=\"has-contrast-2-color has-text-color\">\u2014<\/p>\n\n\n<div class=\"taxonomy-category wp-block-post-terms\"><a href=\"https:\/\/zelecsky-hradek.cz\/index.php\/category\/2022\/\" rel=\"tag\">2022<\/a><span class=\"wp-block-post-terms__separator\">, <\/span><a href=\"https:\/\/zelecsky-hradek.cz\/index.php\/category\/novinky\/\" rel=\"tag\">Novinky<\/a><span class=\"wp-block-post-terms__separator\">, <\/span><a href=\"https:\/\/zelecsky-hradek.cz\/index.php\/category\/stenata\/\" rel=\"tag\">\u0161t\u011b\u0148ata<\/a><\/div><\/div>\n<\/div>\n<\/div>\n\n<div class=\"wp-block-post-excerpt has-text-color has-contrast-2-color has-small-font-size wp-container-content-32e3a40d\"><p class=\"wp-block-post-excerpt__excerpt\">\u0160t\u011b\u0148\u00e1tka u\u017e maj\u00ed 3 t\u00fddny! Toto let\u00ed Zb\u00fdv\u00e1 posledn\u00ed voln\u00e9 \u0161t\u011b\u0148\u00e1tko. Pejsek Vigo. U\u017eijte si fote\u010dky. <\/p><\/div>\n\n\n<div style=\"height:0px\" aria-hidden=\"true\" class=\"wp-block-spacer wp-container-content-32e3a40d\"><\/div>\n<\/div>\n\n<\/li><li class=\"wp-block-post post-1053 post type-post status-publish format-standard has-post-thumbnail hentry category-40 category-novinky category-stenata tag-41 tag-novinky tag-stenata\">\n<figure style=\"aspect-ratio:3\/4; padding-bottom:var(--wp--preset--spacing--20);margin-bottom:0;\" class=\"wp-block-post-featured-image\"><a href=\"https:\/\/zelecsky-hradek.cz\/index.php\/2022\/05\/18\/phoebe-ma-stenatka\/\" target=\"_self\"  ><img loading=\"lazy\" decoding=\"async\" width=\"2048\" height=\"1728\" src=\"https:\/\/zelecsky-hradek.cz\/wp-content\/uploads\/2024\/03\/a1f2c627-aa21-4a6e-a9e2-e7bd70ceb287.jpg\" class=\"attachment-post-thumbnail size-post-thumbnail wp-post-image\" alt=\"Phoebe m\u00e1 \u0161t\u011b\u0148\u00e1tka!\" style=\"width:100%;height:100%;object-fit:cover;\" srcset=\"https:\/\/zelecsky-hradek.cz\/wp-content\/uploads\/2024\/03\/a1f2c627-aa21-4a6e-a9e2-e7bd70ceb287.jpg 2048w, https:\/\/zelecsky-hradek.cz\/wp-content\/uploads\/2024\/03\/a1f2c627-aa21-4a6e-a9e2-e7bd70ceb287-300x253.jpg 300w, https:\/\/zelecsky-hradek.cz\/wp-content\/uploads\/2024\/03\/a1f2c627-aa21-4a6e-a9e2-e7bd70ceb287-1024x864.jpg 1024w, https:\/\/zelecsky-hradek.cz\/wp-content\/uploads\/2024\/03\/a1f2c627-aa21-4a6e-a9e2-e7bd70ceb287-768x648.jpg 768w, https:\/\/zelecsky-hradek.cz\/wp-content\/uploads\/2024\/03\/a1f2c627-aa21-4a6e-a9e2-e7bd70ceb287-1536x1296.jpg 1536w\" sizes=\"auto, (max-width: 2048px) 100vw, 2048px\" \/><\/a><\/figure>\n\n\n<div class=\"wp-block-group is-vertical is-nowrap is-layout-flex wp-container-core-group-is-layout-97ba36a5 wp-block-group-is-layout-flex\" style=\"margin-top:var(--wp--preset--spacing--20);padding-top:0\"><h2 class=\"wp-block-post-title has-large-font-size wp-container-content-32e3a40d\"><a href=\"https:\/\/zelecsky-hradek.cz\/index.php\/2022\/05\/18\/phoebe-ma-stenatka\/\" target=\"_self\" >Phoebe m\u00e1 \u0161t\u011b\u0148\u00e1tka!<\/a><\/h2>\n\n<div class=\"wp-block-template-part\">\n<div class=\"wp-block-group has-global-padding is-layout-constrained wp-block-group-is-layout-constrained\">\n<div class=\"wp-block-group is-content-justification-left is-layout-flex wp-container-core-group-is-layout-dfe8e91f wp-block-group-is-layout-flex\"><div class=\"wp-block-post-date\"><time datetime=\"2022-05-18T18:47:00+02:00\"><a href=\"https:\/\/zelecsky-hradek.cz\/index.php\/2022\/05\/18\/phoebe-ma-stenatka\/\">Kv\u011b 18, 2022<\/a><\/time><\/div>\n\n\n<p class=\"has-contrast-2-color has-text-color\">\u2014<\/p>\n\n\n<div class=\"taxonomy-category wp-block-post-terms\"><a href=\"https:\/\/zelecsky-hradek.cz\/index.php\/category\/2022\/\" rel=\"tag\">2022<\/a><span class=\"wp-block-post-terms__separator\">, <\/span><a href=\"https:\/\/zelecsky-hradek.cz\/index.php\/category\/novinky\/\" rel=\"tag\">Novinky<\/a><span class=\"wp-block-post-terms__separator\">, <\/span><a href=\"https:\/\/zelecsky-hradek.cz\/index.php\/category\/stenata\/\" rel=\"tag\">\u0161t\u011b\u0148ata<\/a><\/div><\/div>\n<\/div>\n<\/div>\n\n<div class=\"wp-block-post-excerpt has-text-color has-contrast-2-color has-small-font-size wp-container-content-32e3a40d\"><p class=\"wp-block-post-excerpt__excerpt\">S radost\u00ed v\u00e1m oznamejeme, \u017ee 17.5.2022 se Phoebe \u017dele\u010dsk\u00fd hr\u00e1dek a Neely Feren\u010d\u00edk narodilo 6 kr\u00e1sn\u00fdch \u0161t\u011b\u0148\u00e1tek. P\u011bkn\u011b vyrovnan\u00e9 po\u010dty 3 fenky a 3 pejsci. Na \u0161t\u011b\u0148\u00e1tka bereme rezervace, sta\u010d\u00ed si jen vybrat \ud83d\ude42 <\/p><\/div>\n\n\n<div style=\"height:0px\" aria-hidden=\"true\" class=\"wp-block-spacer wp-container-content-32e3a40d\"><\/div>\n<\/div>\n\n<\/li><li class=\"wp-block-post post-1049 post type-post status-publish format-standard has-post-thumbnail hentry category-40 category-novinky category-stenata tag-41 tag-novinky tag-stenata\">\n<figure style=\"aspect-ratio:3\/4; padding-bottom:var(--wp--preset--spacing--20);margin-bottom:0;\" class=\"wp-block-post-featured-image\"><a href=\"https:\/\/zelecsky-hradek.cz\/index.php\/2022\/04\/29\/potvrzena-brezost-phoebe\/\" target=\"_self\"  ><img loading=\"lazy\" decoding=\"async\" width=\"768\" height=\"650\" src=\"https:\/\/zelecsky-hradek.cz\/wp-content\/uploads\/2024\/03\/1fcf08c3-5ffa-4f52-aa00-a9dc42284c9e-768x650-1.jpg\" class=\"attachment-post-thumbnail size-post-thumbnail wp-post-image\" alt=\"Potvrzen\u00e1 b\u0159ezost Phoebe\" style=\"width:100%;height:100%;object-fit:cover;\" srcset=\"https:\/\/zelecsky-hradek.cz\/wp-content\/uploads\/2024\/03\/1fcf08c3-5ffa-4f52-aa00-a9dc42284c9e-768x650-1.jpg 768w, https:\/\/zelecsky-hradek.cz\/wp-content\/uploads\/2024\/03\/1fcf08c3-5ffa-4f52-aa00-a9dc42284c9e-768x650-1-300x254.jpg 300w\" sizes=\"auto, (max-width: 768px) 100vw, 768px\" \/><\/a><\/figure>\n\n\n<div class=\"wp-block-group is-vertical is-nowrap is-layout-flex wp-container-core-group-is-layout-97ba36a5 wp-block-group-is-layout-flex\" style=\"margin-top:var(--wp--preset--spacing--20);padding-top:0\"><h2 class=\"wp-block-post-title has-large-font-size wp-container-content-32e3a40d\"><a href=\"https:\/\/zelecsky-hradek.cz\/index.php\/2022\/04\/29\/potvrzena-brezost-phoebe\/\" target=\"_self\" >Potvrzen\u00e1 b\u0159ezost Phoebe<\/a><\/h2>\n\n<div class=\"wp-block-template-part\">\n<div class=\"wp-block-group has-global-padding is-layout-constrained wp-block-group-is-layout-constrained\">\n<div class=\"wp-block-group is-content-justification-left is-layout-flex wp-container-core-group-is-layout-dfe8e91f wp-block-group-is-layout-flex\"><div class=\"wp-block-post-date\"><time datetime=\"2022-04-29T18:44:00+02:00\"><a href=\"https:\/\/zelecsky-hradek.cz\/index.php\/2022\/04\/29\/potvrzena-brezost-phoebe\/\">Dub 29, 2022<\/a><\/time><\/div>\n\n\n<p class=\"has-contrast-2-color has-text-color\">\u2014<\/p>\n\n\n<div class=\"taxonomy-category wp-block-post-terms\"><a href=\"https:\/\/zelecsky-hradek.cz\/index.php\/category\/2022\/\" rel=\"tag\">2022<\/a><span class=\"wp-block-post-terms__separator\">, <\/span><a href=\"https:\/\/zelecsky-hradek.cz\/index.php\/category\/novinky\/\" rel=\"tag\">Novinky<\/a><span class=\"wp-block-post-terms__separator\">, <\/span><a href=\"https:\/\/zelecsky-hradek.cz\/index.php\/category\/stenata\/\" rel=\"tag\">\u0161t\u011b\u0148ata<\/a><\/div><\/div>\n<\/div>\n<\/div>\n\n<div class=\"wp-block-post-excerpt has-text-color has-contrast-2-color has-small-font-size wp-container-content-32e3a40d\"><p class=\"wp-block-post-excerpt__excerpt\">V polovin\u011b kv\u011btna se m\u016f\u017eeme t\u011b\u0161it na \u0161t\u011b\u0148\u00e1tka :-)) Rodi\u010de jsou: <\/p><\/div>\n\n\n<div style=\"height:0px\" aria-hidden=\"true\" class=\"wp-block-spacer wp-container-content-32e3a40d\"><\/div>\n<\/div>\n\n<\/li><li class=\"wp-block-post post-1046 post type-post status-publish format-standard has-post-thumbnail hentry category-40 category-novinky category-stenata tag-41 tag-novinky tag-stenata\">\n<figure style=\"aspect-ratio:3\/4; padding-bottom:var(--wp--preset--spacing--20);margin-bottom:0;\" class=\"wp-block-post-featured-image\"><a href=\"https:\/\/zelecsky-hradek.cz\/index.php\/2022\/03\/22\/budou-stenatka\/\" target=\"_self\"  ><img loading=\"lazy\" decoding=\"async\" width=\"768\" height=\"576\" src=\"https:\/\/zelecsky-hradek.cz\/wp-content\/uploads\/2024\/03\/afcc145e-ee1e-4dfe-977e-c41b8d25984b-768x576-1.jpg\" class=\"attachment-post-thumbnail size-post-thumbnail wp-post-image\" alt=\"Budou \u0161t\u011b\u0148\u00e1tka\" style=\"width:100%;height:100%;object-fit:cover;\" srcset=\"https:\/\/zelecsky-hradek.cz\/wp-content\/uploads\/2024\/03\/afcc145e-ee1e-4dfe-977e-c41b8d25984b-768x576-1.jpg 768w, https:\/\/zelecsky-hradek.cz\/wp-content\/uploads\/2024\/03\/afcc145e-ee1e-4dfe-977e-c41b8d25984b-768x576-1-300x225.jpg 300w\" sizes=\"auto, (max-width: 768px) 100vw, 768px\" \/><\/a><\/figure>\n\n\n<div class=\"wp-block-group is-vertical is-nowrap is-layout-flex wp-container-core-group-is-layout-97ba36a5 wp-block-group-is-layout-flex\" style=\"margin-top:var(--wp--preset--spacing--20);padding-top:0\"><h2 class=\"wp-block-post-title has-large-font-size wp-container-content-32e3a40d\"><a href=\"https:\/\/zelecsky-hradek.cz\/index.php\/2022\/03\/22\/budou-stenatka\/\" target=\"_self\" >Budou \u0161t\u011b\u0148\u00e1tka<\/a><\/h2>\n\n<div class=\"wp-block-template-part\">\n<div class=\"wp-block-group has-global-padding is-layout-constrained wp-block-group-is-layout-constrained\">\n<div class=\"wp-block-group is-content-justification-left is-layout-flex wp-container-core-group-is-layout-dfe8e91f wp-block-group-is-layout-flex\"><div class=\"wp-block-post-date\"><time datetime=\"2022-03-22T18:42:00+01:00\"><a href=\"https:\/\/zelecsky-hradek.cz\/index.php\/2022\/03\/22\/budou-stenatka\/\">B\u0159e 22, 2022<\/a><\/time><\/div>\n\n\n<p class=\"has-contrast-2-color has-text-color\">\u2014<\/p>\n\n\n<div class=\"taxonomy-category wp-block-post-terms\"><a href=\"https:\/\/zelecsky-hradek.cz\/index.php\/category\/2022\/\" rel=\"tag\">2022<\/a><span class=\"wp-block-post-terms__separator\">, <\/span><a href=\"https:\/\/zelecsky-hradek.cz\/index.php\/category\/novinky\/\" rel=\"tag\">Novinky<\/a><span class=\"wp-block-post-terms__separator\">, <\/span><a href=\"https:\/\/zelecsky-hradek.cz\/index.php\/category\/stenata\/\" rel=\"tag\">\u0161t\u011b\u0148ata<\/a><\/div><\/div>\n<\/div>\n<\/div>\n\n<div class=\"wp-block-post-excerpt has-text-color has-contrast-2-color has-small-font-size wp-container-content-32e3a40d\"><p class=\"wp-block-post-excerpt__excerpt\">Hur\u00e1\u00e1\u00e1, budeme m\u00edt \u0161t\u011b\u0148\u00e1tka! M\u00e1mou bude na\u0161e Phoebe \u017dele\u010dsk\u00fd hr\u00e1dek a t\u00e1tou Neely Feren\u010d\u00edk. T\u011b\u0161\u00edt na se n\u011b m\u016f\u017eete v kv\u011btnu 2022. <\/p><\/div>\n\n\n<div style=\"height:0px\" aria-hidden=\"true\" class=\"wp-block-spacer wp-container-content-32e3a40d\"><\/div>\n<\/div>\n\n<\/li><li class=\"wp-block-post post-1012 post type-post status-publish format-standard has-post-thumbnail hentry category-38 category-novinky category-stenata tag-39 tag-novinky tag-stenata\">\n<figure style=\"aspect-ratio:3\/4; padding-bottom:var(--wp--preset--spacing--20);margin-bottom:0;\" class=\"wp-block-post-featured-image\"><a href=\"https:\/\/zelecsky-hradek.cz\/index.php\/2021\/10\/02\/phoebe-je-nakryta\/\" target=\"_self\"  ><img loading=\"lazy\" decoding=\"async\" width=\"529\" height=\"524\" src=\"https:\/\/zelecsky-hradek.cz\/wp-content\/uploads\/2024\/03\/148990718_914874499274120_3368373959076685294_n.jpg\" class=\"attachment-post-thumbnail size-post-thumbnail wp-post-image\" alt=\"Phoebe je nakryt\u00e1\" style=\"width:100%;height:100%;object-fit:cover;\" srcset=\"https:\/\/zelecsky-hradek.cz\/wp-content\/uploads\/2024\/03\/148990718_914874499274120_3368373959076685294_n.jpg 529w, https:\/\/zelecsky-hradek.cz\/wp-content\/uploads\/2024\/03\/148990718_914874499274120_3368373959076685294_n-300x297.jpg 300w, https:\/\/zelecsky-hradek.cz\/wp-content\/uploads\/2024\/03\/148990718_914874499274120_3368373959076685294_n-150x150.jpg 150w\" sizes=\"auto, (max-width: 529px) 100vw, 529px\" \/><\/a><\/figure>\n\n\n<div class=\"wp-block-group is-vertical is-nowrap is-layout-flex wp-container-core-group-is-layout-97ba36a5 wp-block-group-is-layout-flex\" style=\"margin-top:var(--wp--preset--spacing--20);padding-top:0\"><h2 class=\"wp-block-post-title has-large-font-size wp-container-content-32e3a40d\"><a href=\"https:\/\/zelecsky-hradek.cz\/index.php\/2021\/10\/02\/phoebe-je-nakryta\/\" target=\"_self\" >Phoebe je nakryt\u00e1<\/a><\/h2>\n\n<div class=\"wp-block-template-part\">\n<div class=\"wp-block-group has-global-padding is-layout-constrained wp-block-group-is-layout-constrained\">\n<div class=\"wp-block-group is-content-justification-left is-layout-flex wp-container-core-group-is-layout-dfe8e91f wp-block-group-is-layout-flex\"><div class=\"wp-block-post-date\"><time datetime=\"2021-10-02T18:32:00+02:00\"><a href=\"https:\/\/zelecsky-hradek.cz\/index.php\/2021\/10\/02\/phoebe-je-nakryta\/\">\u0158\u00edj 2, 2021<\/a><\/time><\/div>\n\n\n<p class=\"has-contrast-2-color has-text-color\">\u2014<\/p>\n\n\n<div class=\"taxonomy-category wp-block-post-terms\"><a href=\"https:\/\/zelecsky-hradek.cz\/index.php\/category\/2021\/\" rel=\"tag\">2021<\/a><span class=\"wp-block-post-terms__separator\">, <\/span><a href=\"https:\/\/zelecsky-hradek.cz\/index.php\/category\/novinky\/\" rel=\"tag\">Novinky<\/a><span class=\"wp-block-post-terms__separator\">, <\/span><a href=\"https:\/\/zelecsky-hradek.cz\/index.php\/category\/stenata\/\" rel=\"tag\">\u0161t\u011b\u0148ata<\/a><\/div><\/div>\n<\/div>\n<\/div>\n\n<div class=\"wp-block-post-excerpt has-text-color has-contrast-2-color has-small-font-size wp-container-content-32e3a40d\"><p class=\"wp-block-post-excerpt__excerpt\">Dne 10.2.2021 byla Phoebe \u017dele\u010dsk\u00fd hr\u00e1dek nakryt\u00e1 Luna Tale Meet Moss. Na \u0161t\u011b\u0148\u00e1tka se m\u016f\u017eete t\u011b\u0161it v dubnu 2021. <\/p><\/div>\n\n\n<div style=\"height:0px\" aria-hidden=\"true\" class=\"wp-block-spacer wp-container-content-32e3a40d\"><\/div>\n<\/div>\n\n<\/li><li class=\"wp-block-post post-1024 post type-post status-publish format-standard has-post-thumbnail hentry category-38 category-novinky category-stenata tag-39 tag-novinky tag-stenata\">\n<figure style=\"aspect-ratio:3\/4; padding-bottom:var(--wp--preset--spacing--20);margin-bottom:0;\" class=\"wp-block-post-featured-image\"><a href=\"https:\/\/zelecsky-hradek.cz\/index.php\/2021\/06\/17\/iggy-ma-stenatka\/\" target=\"_self\"  ><img loading=\"lazy\" decoding=\"async\" width=\"1000\" height=\"663\" src=\"https:\/\/zelecsky-hradek.cz\/wp-content\/uploads\/2024\/03\/vrh-U_1-tyden_1.jpg\" class=\"attachment-post-thumbnail size-post-thumbnail wp-post-image\" alt=\"Iggy m\u00e1 \u0161t\u011b\u0148\u00e1tka!\" style=\"width:100%;height:100%;object-fit:cover;\" srcset=\"https:\/\/zelecsky-hradek.cz\/wp-content\/uploads\/2024\/03\/vrh-U_1-tyden_1.jpg 1000w, https:\/\/zelecsky-hradek.cz\/wp-content\/uploads\/2024\/03\/vrh-U_1-tyden_1-300x199.jpg 300w, https:\/\/zelecsky-hradek.cz\/wp-content\/uploads\/2024\/03\/vrh-U_1-tyden_1-768x509.jpg 768w\" sizes=\"auto, (max-width: 1000px) 100vw, 1000px\" \/><\/a><\/figure>\n\n\n<div class=\"wp-block-group is-vertical is-nowrap is-layout-flex wp-container-core-group-is-layout-97ba36a5 wp-block-group-is-layout-flex\" style=\"margin-top:var(--wp--preset--spacing--20);padding-top:0\"><h2 class=\"wp-block-post-title has-large-font-size wp-container-content-32e3a40d\"><a href=\"https:\/\/zelecsky-hradek.cz\/index.php\/2021\/06\/17\/iggy-ma-stenatka\/\" target=\"_self\" >Iggy m\u00e1 \u0161t\u011b\u0148\u00e1tka!<\/a><\/h2>\n\n<div class=\"wp-block-template-part\">\n<div class=\"wp-block-group has-global-padding is-layout-constrained wp-block-group-is-layout-constrained\">\n<div class=\"wp-block-group is-content-justification-left is-layout-flex wp-container-core-group-is-layout-dfe8e91f wp-block-group-is-layout-flex\"><div class=\"wp-block-post-date\"><time datetime=\"2021-06-17T18:37:00+02:00\"><a href=\"https:\/\/zelecsky-hradek.cz\/index.php\/2021\/06\/17\/iggy-ma-stenatka\/\">\u010cvn 17, 2021<\/a><\/time><\/div>\n\n\n<p class=\"has-contrast-2-color has-text-color\">\u2014<\/p>\n\n\n<div class=\"taxonomy-category wp-block-post-terms\"><a href=\"https:\/\/zelecsky-hradek.cz\/index.php\/category\/2021\/\" rel=\"tag\">2021<\/a><span class=\"wp-block-post-terms__separator\">, <\/span><a href=\"https:\/\/zelecsky-hradek.cz\/index.php\/category\/novinky\/\" rel=\"tag\">Novinky<\/a><span class=\"wp-block-post-terms__separator\">, <\/span><a href=\"https:\/\/zelecsky-hradek.cz\/index.php\/category\/stenata\/\" rel=\"tag\">\u0161t\u011b\u0148ata<\/a><\/div><\/div>\n<\/div>\n<\/div>\n\n<div class=\"wp-block-post-excerpt has-text-color has-contrast-2-color has-small-font-size wp-container-content-32e3a40d\"><p class=\"wp-block-post-excerpt__excerpt\">Dne 11.6.2021 se Iggy &amp; Be Kean Tobani \u201cYumi\u201d narodilo 7 \u0161t\u011b\u0148\u00e1tek \u2013 2 fenky a 5 pejsk\u016f. Posledn\u00ed voln\u00e9 \u0161t\u011b\u0148\u00e1tko je pejsek \u2013 Unico <\/p><\/div>\n\n\n<div style=\"height:0px\" aria-hidden=\"true\" class=\"wp-block-spacer wp-container-content-32e3a40d\"><\/div>\n<\/div>\n\n<\/li><li class=\"wp-block-post post-1018 post type-post status-publish format-standard has-post-thumbnail hentry category-38 category-novinky category-paseni tag-39 tag-novinky tag-stenata\">\n<figure style=\"aspect-ratio:3\/4; padding-bottom:var(--wp--preset--spacing--20);margin-bottom:0;\" class=\"wp-block-post-featured-image\"><a href=\"https:\/\/zelecsky-hradek.cz\/index.php\/2021\/04\/13\/phoebe-ma-stenatko\/\" target=\"_self\"  ><img loading=\"lazy\" decoding=\"async\" width=\"1536\" height=\"2048\" src=\"https:\/\/zelecsky-hradek.cz\/wp-content\/uploads\/2024\/03\/171906520_3492923104142683_1323750761141927815_n.jpg\" class=\"attachment-post-thumbnail size-post-thumbnail wp-post-image\" alt=\"Phoebe m\u00e1 \u0161t\u011b\u0148\u00e1tko!\" style=\"width:100%;height:100%;object-fit:cover;\" srcset=\"https:\/\/zelecsky-hradek.cz\/wp-content\/uploads\/2024\/03\/171906520_3492923104142683_1323750761141927815_n.jpg 1536w, https:\/\/zelecsky-hradek.cz\/wp-content\/uploads\/2024\/03\/171906520_3492923104142683_1323750761141927815_n-225x300.jpg 225w, https:\/\/zelecsky-hradek.cz\/wp-content\/uploads\/2024\/03\/171906520_3492923104142683_1323750761141927815_n-768x1024.jpg 768w, https:\/\/zelecsky-hradek.cz\/wp-content\/uploads\/2024\/03\/171906520_3492923104142683_1323750761141927815_n-1152x1536.jpg 1152w\" sizes=\"auto, (max-width: 1536px) 100vw, 1536px\" \/><\/a><\/figure>\n\n\n<div class=\"wp-block-group is-vertical is-nowrap is-layout-flex wp-container-core-group-is-layout-97ba36a5 wp-block-group-is-layout-flex\" style=\"margin-top:var(--wp--preset--spacing--20);padding-top:0\"><h2 class=\"wp-block-post-title has-large-font-size wp-container-content-32e3a40d\"><a href=\"https:\/\/zelecsky-hradek.cz\/index.php\/2021\/04\/13\/phoebe-ma-stenatko\/\" target=\"_self\" >Phoebe m\u00e1 \u0161t\u011b\u0148\u00e1tko!<\/a><\/h2>\n\n<div class=\"wp-block-template-part\">\n<div class=\"wp-block-group has-global-padding is-layout-constrained wp-block-group-is-layout-constrained\">\n<div class=\"wp-block-group is-content-justification-left is-layout-flex wp-container-core-group-is-layout-dfe8e91f wp-block-group-is-layout-flex\"><div class=\"wp-block-post-date\"><time datetime=\"2021-04-13T18:35:00+02:00\"><a href=\"https:\/\/zelecsky-hradek.cz\/index.php\/2021\/04\/13\/phoebe-ma-stenatko\/\">Dub 13, 2021<\/a><\/time><\/div>\n\n\n<p class=\"has-contrast-2-color has-text-color\">\u2014<\/p>\n\n\n<div class=\"taxonomy-category wp-block-post-terms\"><a href=\"https:\/\/zelecsky-hradek.cz\/index.php\/category\/2021\/\" rel=\"tag\">2021<\/a><span class=\"wp-block-post-terms__separator\">, <\/span><a href=\"https:\/\/zelecsky-hradek.cz\/index.php\/category\/novinky\/\" rel=\"tag\">Novinky<\/a><span class=\"wp-block-post-terms__separator\">, <\/span><a href=\"https:\/\/zelecsky-hradek.cz\/index.php\/category\/paseni\/\" rel=\"tag\">pasen\u00ed<\/a><\/div><\/div>\n<\/div>\n<\/div>\n\n<div class=\"wp-block-post-excerpt has-text-color has-contrast-2-color has-small-font-size wp-container-content-32e3a40d\"><p class=\"wp-block-post-excerpt__excerpt\">Ano, \u010dtete spr\u00e1vn\u011b &#8230; \u0161t\u011b\u0148\u00e1tko. Phoebe byla poprv\u00e9 b\u0159ez\u00ed a tak si dala z\u00e1le\u017eet, \u017ee se j\u00ed narodilo jedno vymazlen\u00e9 \u0161t\u011b\u0148\u00e1tko. Je to pejsek 450 g, narozen\u00fd 12.4.2021. T\u00e1tou \u0161t\u011b\u0148\u00e1tka je Luna Tale Meet Moss. <\/p><\/div>\n\n\n<div style=\"height:0px\" aria-hidden=\"true\" class=\"wp-block-spacer wp-container-content-32e3a40d\"><\/div>\n<\/div>\n\n<\/li><li class=\"wp-block-post post-1015 post type-post status-publish format-standard has-post-thumbnail hentry category-38 category-novinky category-stenata tag-39 tag-novinky tag-stenata\">\n<figure style=\"aspect-ratio:3\/4; padding-bottom:var(--wp--preset--spacing--20);margin-bottom:0;\" class=\"wp-block-post-featured-image\"><a href=\"https:\/\/zelecsky-hradek.cz\/index.php\/2021\/04\/12\/iggy-je-nakryta-3\/\" target=\"_self\"  ><img loading=\"lazy\" decoding=\"async\" width=\"1136\" height=\"640\" src=\"https:\/\/zelecsky-hradek.cz\/wp-content\/uploads\/2024\/03\/170760332_1993529580795704_5595246398689394409_n.jpg\" class=\"attachment-post-thumbnail size-post-thumbnail wp-post-image\" alt=\"Iggy je nakryt\u00e1\" style=\"width:100%;height:100%;object-fit:cover;\" srcset=\"https:\/\/zelecsky-hradek.cz\/wp-content\/uploads\/2024\/03\/170760332_1993529580795704_5595246398689394409_n.jpg 1136w, https:\/\/zelecsky-hradek.cz\/wp-content\/uploads\/2024\/03\/170760332_1993529580795704_5595246398689394409_n-300x169.jpg 300w, https:\/\/zelecsky-hradek.cz\/wp-content\/uploads\/2024\/03\/170760332_1993529580795704_5595246398689394409_n-1024x577.jpg 1024w, https:\/\/zelecsky-hradek.cz\/wp-content\/uploads\/2024\/03\/170760332_1993529580795704_5595246398689394409_n-768x433.jpg 768w\" sizes=\"auto, (max-width: 1136px) 100vw, 1136px\" \/><\/a><\/figure>\n\n\n<div class=\"wp-block-group is-vertical is-nowrap is-layout-flex wp-container-core-group-is-layout-97ba36a5 wp-block-group-is-layout-flex\" style=\"margin-top:var(--wp--preset--spacing--20);padding-top:0\"><h2 class=\"wp-block-post-title has-large-font-size wp-container-content-32e3a40d\"><a href=\"https:\/\/zelecsky-hradek.cz\/index.php\/2021\/04\/12\/iggy-je-nakryta-3\/\" target=\"_self\" >Iggy je nakryt\u00e1<\/a><\/h2>\n\n<div class=\"wp-block-template-part\">\n<div class=\"wp-block-group has-global-padding is-layout-constrained wp-block-group-is-layout-constrained\">\n<div class=\"wp-block-group is-content-justification-left is-layout-flex wp-container-core-group-is-layout-dfe8e91f wp-block-group-is-layout-flex\"><div class=\"wp-block-post-date\"><time datetime=\"2021-04-12T18:34:00+02:00\"><a href=\"https:\/\/zelecsky-hradek.cz\/index.php\/2021\/04\/12\/iggy-je-nakryta-3\/\">Dub 12, 2021<\/a><\/time><\/div>\n\n\n<p class=\"has-contrast-2-color has-text-color\">\u2014<\/p>\n\n\n<div class=\"taxonomy-category wp-block-post-terms\"><a href=\"https:\/\/zelecsky-hradek.cz\/index.php\/category\/2021\/\" rel=\"tag\">2021<\/a><span class=\"wp-block-post-terms__separator\">, <\/span><a href=\"https:\/\/zelecsky-hradek.cz\/index.php\/category\/novinky\/\" rel=\"tag\">Novinky<\/a><span class=\"wp-block-post-terms__separator\">, <\/span><a href=\"https:\/\/zelecsky-hradek.cz\/index.php\/category\/stenata\/\" rel=\"tag\">\u0161t\u011b\u0148ata<\/a><\/div><\/div>\n<\/div>\n<\/div>\n\n<div class=\"wp-block-post-excerpt has-text-color has-contrast-2-color has-small-font-size wp-container-content-32e3a40d\"><p class=\"wp-block-post-excerpt__excerpt\">V sobotu 10.4.2021 byla Iggy \u017dele\u010dsk\u00fd hr\u00e1dek nakryt\u00e1 fe\u0161\u00e1kem Be Kean Tobani \u201cYumi\u201d. To znamen\u00e1, \u017ee v p\u016fli \u010dervna se m\u016f\u017eeme t\u011b\u0161it na p\u011bkn\u011b vybarven\u00e1 \u0161t\u011b\u0148\u00e1tka <\/p><\/div>\n\n\n<div style=\"height:0px\" aria-hidden=\"true\" class=\"wp-block-spacer wp-container-content-32e3a40d\"><\/div>\n<\/div>\n\n<\/li><li class=\"wp-block-post post-1003 post type-post status-publish format-standard has-post-thumbnail hentry category-36 category-novinky category-stenata tag-37 tag-novinky tag-stenata\">\n<figure style=\"aspect-ratio:3\/4; padding-bottom:var(--wp--preset--spacing--20);margin-bottom:0;\" class=\"wp-block-post-featured-image\"><a href=\"https:\/\/zelecsky-hradek.cz\/index.php\/2020\/10\/25\/narodila-se-nam-stenatka-vrh-s\/\" target=\"_self\"  ><img loading=\"lazy\" decoding=\"async\" width=\"1000\" height=\"750\" src=\"https:\/\/zelecsky-hradek.cz\/wp-content\/uploads\/2024\/03\/122604971_383150306362434_5930926466164013403_n.jpg\" class=\"attachment-post-thumbnail size-post-thumbnail wp-post-image\" alt=\"Narodila se n\u00e1m \u0161t\u011b\u0148\u00e1tka \u2013 vrh \u201cS\u201d\" style=\"width:100%;height:100%;object-fit:cover;\" srcset=\"https:\/\/zelecsky-hradek.cz\/wp-content\/uploads\/2024\/03\/122604971_383150306362434_5930926466164013403_n.jpg 1000w, https:\/\/zelecsky-hradek.cz\/wp-content\/uploads\/2024\/03\/122604971_383150306362434_5930926466164013403_n-300x225.jpg 300w, https:\/\/zelecsky-hradek.cz\/wp-content\/uploads\/2024\/03\/122604971_383150306362434_5930926466164013403_n-768x576.jpg 768w\" sizes=\"auto, (max-width: 1000px) 100vw, 1000px\" \/><\/a><\/figure>\n\n\n<div class=\"wp-block-group is-vertical is-nowrap is-layout-flex wp-container-core-group-is-layout-97ba36a5 wp-block-group-is-layout-flex\" style=\"margin-top:var(--wp--preset--spacing--20);padding-top:0\"><h2 class=\"wp-block-post-title has-large-font-size wp-container-content-32e3a40d\"><a href=\"https:\/\/zelecsky-hradek.cz\/index.php\/2020\/10\/25\/narodila-se-nam-stenatka-vrh-s\/\" target=\"_self\" >Narodila se n\u00e1m \u0161t\u011b\u0148\u00e1tka \u2013 vrh \u201cS\u201d<\/a><\/h2>\n\n<div class=\"wp-block-template-part\">\n<div class=\"wp-block-group has-global-padding is-layout-constrained wp-block-group-is-layout-constrained\">\n<div class=\"wp-block-group is-content-justification-left is-layout-flex wp-container-core-group-is-layout-dfe8e91f wp-block-group-is-layout-flex\"><div class=\"wp-block-post-date\"><time datetime=\"2020-10-25T18:29:00+01:00\"><a href=\"https:\/\/zelecsky-hradek.cz\/index.php\/2020\/10\/25\/narodila-se-nam-stenatka-vrh-s\/\">\u0158\u00edj 25, 2020<\/a><\/time><\/div>\n\n\n<p class=\"has-contrast-2-color has-text-color\">\u2014<\/p>\n\n\n<div class=\"taxonomy-category wp-block-post-terms\"><a href=\"https:\/\/zelecsky-hradek.cz\/index.php\/category\/2020\/\" rel=\"tag\">2020<\/a><span class=\"wp-block-post-terms__separator\">, <\/span><a href=\"https:\/\/zelecsky-hradek.cz\/index.php\/category\/novinky\/\" rel=\"tag\">Novinky<\/a><span class=\"wp-block-post-terms__separator\">, <\/span><a href=\"https:\/\/zelecsky-hradek.cz\/index.php\/category\/stenata\/\" rel=\"tag\">\u0161t\u011b\u0148ata<\/a><\/div><\/div>\n<\/div>\n<\/div>\n\n<div class=\"wp-block-post-excerpt has-text-color has-contrast-2-color has-small-font-size wp-container-content-32e3a40d\"><p class=\"wp-block-post-excerpt__excerpt\">Dne 22.10.2020 se narodila 4 \u0161t\u011b\u0148\u00e1tka. 2 holky a 2 kluci. Rodi\u010dov\u00e9 jsou Iggy a Flyn. V\u0161echna u\u017e jsou zadan\u00e1. <\/p><\/div>\n\n\n<div style=\"height:0px\" aria-hidden=\"true\" class=\"wp-block-spacer wp-container-content-32e3a40d\"><\/div>\n<\/div>\n\n<\/li><li class=\"wp-block-post post-1000 post type-post status-publish format-standard has-post-thumbnail hentry category-36 category-novinky category-stenata tag-37 tag-novinky tag-stenata\">\n<figure style=\"aspect-ratio:3\/4; padding-bottom:var(--wp--preset--spacing--20);margin-bottom:0;\" class=\"wp-block-post-featured-image\"><a href=\"https:\/\/zelecsky-hradek.cz\/index.php\/2020\/09\/25\/teste-se-na-stenatka\/\" target=\"_self\"  ><img loading=\"lazy\" decoding=\"async\" width=\"768\" height=\"576\" src=\"https:\/\/zelecsky-hradek.cz\/wp-content\/uploads\/2024\/03\/Iggy_UTZ_2020-768x576-1.jpg\" class=\"attachment-post-thumbnail size-post-thumbnail wp-post-image\" alt=\"T\u011b\u0161te se na \u0161t\u011b\u0148\u00e1tka\" style=\"width:100%;height:100%;object-fit:cover;\" srcset=\"https:\/\/zelecsky-hradek.cz\/wp-content\/uploads\/2024\/03\/Iggy_UTZ_2020-768x576-1.jpg 768w, https:\/\/zelecsky-hradek.cz\/wp-content\/uploads\/2024\/03\/Iggy_UTZ_2020-768x576-1-300x225.jpg 300w\" sizes=\"auto, (max-width: 768px) 100vw, 768px\" \/><\/a><\/figure>\n\n\n<div class=\"wp-block-group is-vertical is-nowrap is-layout-flex wp-container-core-group-is-layout-97ba36a5 wp-block-group-is-layout-flex\" style=\"margin-top:var(--wp--preset--spacing--20);padding-top:0\"><h2 class=\"wp-block-post-title has-large-font-size wp-container-content-32e3a40d\"><a href=\"https:\/\/zelecsky-hradek.cz\/index.php\/2020\/09\/25\/teste-se-na-stenatka\/\" target=\"_self\" >T\u011b\u0161te se na \u0161t\u011b\u0148\u00e1tka<\/a><\/h2>\n\n<div class=\"wp-block-template-part\">\n<div class=\"wp-block-group has-global-padding is-layout-constrained wp-block-group-is-layout-constrained\">\n<div class=\"wp-block-group is-content-justification-left is-layout-flex wp-container-core-group-is-layout-dfe8e91f wp-block-group-is-layout-flex\"><div class=\"wp-block-post-date\"><time datetime=\"2020-09-25T18:28:00+02:00\"><a href=\"https:\/\/zelecsky-hradek.cz\/index.php\/2020\/09\/25\/teste-se-na-stenatka\/\">Z\u00e1\u0159 25, 2020<\/a><\/time><\/div>\n\n\n<p class=\"has-contrast-2-color has-text-color\">\u2014<\/p>\n\n\n<div class=\"taxonomy-category wp-block-post-terms\"><a href=\"https:\/\/zelecsky-hradek.cz\/index.php\/category\/2020\/\" rel=\"tag\">2020<\/a><span class=\"wp-block-post-terms__separator\">, <\/span><a href=\"https:\/\/zelecsky-hradek.cz\/index.php\/category\/novinky\/\" rel=\"tag\">Novinky<\/a><span class=\"wp-block-post-terms__separator\">, <\/span><a href=\"https:\/\/zelecsky-hradek.cz\/index.php\/category\/stenata\/\" rel=\"tag\">\u0161t\u011b\u0148ata<\/a><\/div><\/div>\n<\/div>\n<\/div>\n\n<div class=\"wp-block-post-excerpt has-text-color has-contrast-2-color has-small-font-size wp-container-content-32e3a40d\"><p class=\"wp-block-post-excerpt__excerpt\">Tak u\u017e se to r\u00fdsuje p\u0159edpokl\u00e1dan\u00fd term\u00edn narozen\u00ed cca 20. \u0159\u00edjna 2020. Od t\u00e9 chv\u00edle se zase m\u016f\u017eete t\u011b\u0161it na z\u00e1plavu fotek se \u0161t\u011bn\u011bc\u00ed t\u00e9matikou. Matka: Iggy \u017dele\u010dcsk\u00fd hr\u00e1dek Otec: Chance Slezsk\u00fd hr\u00e1dek Vrh: \u201cS\u201d <\/p><\/div>\n\n\n<div style=\"height:0px\" aria-hidden=\"true\" class=\"wp-block-spacer wp-container-content-32e3a40d\"><\/div>\n<\/div>\n\n<\/li><li class=\"wp-block-post post-998 post type-post status-publish format-standard has-post-thumbnail hentry category-36 category-novinky category-stenata tag-37 tag-novinky tag-stenata\">\n<figure style=\"aspect-ratio:3\/4; padding-bottom:var(--wp--preset--spacing--20);margin-bottom:0;\" class=\"wp-block-post-featured-image\"><a href=\"https:\/\/zelecsky-hradek.cz\/index.php\/2020\/04\/09\/planovana-stenata-budou-na-podzim-2020\/\" target=\"_self\"  ><img loading=\"lazy\" decoding=\"async\" width=\"960\" height=\"716\" src=\"https:\/\/zelecsky-hradek.cz\/wp-content\/uploads\/2024\/03\/71923053_592840027917700_527741550990458880_n.jpg\" class=\"attachment-post-thumbnail size-post-thumbnail wp-post-image\" alt=\"Pl\u00e1novan\u00e1 \u0161t\u011b\u0148ata budou na podzim 2020\" style=\"width:100%;height:100%;object-fit:cover;\" srcset=\"https:\/\/zelecsky-hradek.cz\/wp-content\/uploads\/2024\/03\/71923053_592840027917700_527741550990458880_n.jpg 960w, https:\/\/zelecsky-hradek.cz\/wp-content\/uploads\/2024\/03\/71923053_592840027917700_527741550990458880_n-300x224.jpg 300w, https:\/\/zelecsky-hradek.cz\/wp-content\/uploads\/2024\/03\/71923053_592840027917700_527741550990458880_n-768x573.jpg 768w\" sizes=\"auto, (max-width: 960px) 100vw, 960px\" \/><\/a><\/figure>\n\n\n<div class=\"wp-block-group is-vertical is-nowrap is-layout-flex wp-container-core-group-is-layout-97ba36a5 wp-block-group-is-layout-flex\" style=\"margin-top:var(--wp--preset--spacing--20);padding-top:0\"><h2 class=\"wp-block-post-title has-large-font-size wp-container-content-32e3a40d\"><a href=\"https:\/\/zelecsky-hradek.cz\/index.php\/2020\/04\/09\/planovana-stenata-budou-na-podzim-2020\/\" target=\"_self\" >Pl\u00e1novan\u00e1 \u0161t\u011b\u0148ata budou na podzim 2020<\/a><\/h2>\n\n<div class=\"wp-block-template-part\">\n<div class=\"wp-block-group has-global-padding is-layout-constrained wp-block-group-is-layout-constrained\">\n<div class=\"wp-block-group is-content-justification-left is-layout-flex wp-container-core-group-is-layout-dfe8e91f wp-block-group-is-layout-flex\"><div class=\"wp-block-post-date\"><time datetime=\"2020-04-09T18:26:00+02:00\"><a href=\"https:\/\/zelecsky-hradek.cz\/index.php\/2020\/04\/09\/planovana-stenata-budou-na-podzim-2020\/\">Dub 9, 2020<\/a><\/time><\/div>\n\n\n<p class=\"has-contrast-2-color has-text-color\">\u2014<\/p>\n\n\n<div class=\"taxonomy-category wp-block-post-terms\"><a href=\"https:\/\/zelecsky-hradek.cz\/index.php\/category\/2020\/\" rel=\"tag\">2020<\/a><span class=\"wp-block-post-terms__separator\">, <\/span><a href=\"https:\/\/zelecsky-hradek.cz\/index.php\/category\/novinky\/\" rel=\"tag\">Novinky<\/a><span class=\"wp-block-post-terms__separator\">, <\/span><a href=\"https:\/\/zelecsky-hradek.cz\/index.php\/category\/stenata\/\" rel=\"tag\">\u0161t\u011b\u0148ata<\/a><\/div><\/div>\n<\/div>\n<\/div>\n\n<div class=\"wp-block-post-excerpt has-text-color has-contrast-2-color has-small-font-size wp-container-content-32e3a40d\"><p class=\"wp-block-post-excerpt__excerpt\">Ano i to se st\u00e1v\u00e1 Iggy nezab\u0159ezla a tak dal\u0161\u00ed mo\u017en\u00e1 \u0161t\u011b\u0148\u00e1tka budou letos na podzim. V p\u0159\u00edpad\u011b v\u00e1\u017en\u00e9ho z\u00e1jmu se nev\u00e1hejte ozvat o v\u00edce podrobnost\u00ed. <\/p><\/div>\n\n\n<div style=\"height:0px\" aria-hidden=\"true\" class=\"wp-block-spacer wp-container-content-32e3a40d\"><\/div>\n<\/div>\n\n<\/li><li class=\"wp-block-post post-995 post type-post status-publish format-standard has-post-thumbnail hentry category-36 category-novinky category-stenata tag-novinky tag-stenata\">\n<figure style=\"aspect-ratio:3\/4; padding-bottom:var(--wp--preset--spacing--20);margin-bottom:0;\" class=\"wp-block-post-featured-image\"><a href=\"https:\/\/zelecsky-hradek.cz\/index.php\/2020\/02\/26\/stenatka-budou-v-dubnu\/\" target=\"_self\"  ><img loading=\"lazy\" decoding=\"async\" width=\"596\" height=\"960\" src=\"https:\/\/zelecsky-hradek.cz\/wp-content\/uploads\/2024\/03\/87501983_514505422541779_3453877687146250240_n.jpg\" class=\"attachment-post-thumbnail size-post-thumbnail wp-post-image\" alt=\"\u0160t\u011b\u0148\u00e1tka budou v dubnu\" style=\"width:100%;height:100%;object-fit:cover;\" srcset=\"https:\/\/zelecsky-hradek.cz\/wp-content\/uploads\/2024\/03\/87501983_514505422541779_3453877687146250240_n.jpg 596w, https:\/\/zelecsky-hradek.cz\/wp-content\/uploads\/2024\/03\/87501983_514505422541779_3453877687146250240_n-186x300.jpg 186w\" sizes=\"auto, (max-width: 596px) 100vw, 596px\" \/><\/a><\/figure>\n\n\n<div class=\"wp-block-group is-vertical is-nowrap is-layout-flex wp-container-core-group-is-layout-97ba36a5 wp-block-group-is-layout-flex\" style=\"margin-top:var(--wp--preset--spacing--20);padding-top:0\"><h2 class=\"wp-block-post-title has-large-font-size wp-container-content-32e3a40d\"><a href=\"https:\/\/zelecsky-hradek.cz\/index.php\/2020\/02\/26\/stenatka-budou-v-dubnu\/\" target=\"_self\" >\u0160t\u011b\u0148\u00e1tka budou v dubnu<\/a><\/h2>\n\n<div class=\"wp-block-template-part\">\n<div class=\"wp-block-group has-global-padding is-layout-constrained wp-block-group-is-layout-constrained\">\n<div class=\"wp-block-group is-content-justification-left is-layout-flex wp-container-core-group-is-layout-dfe8e91f wp-block-group-is-layout-flex\"><div class=\"wp-block-post-date\"><time datetime=\"2020-02-26T18:23:00+01:00\"><a href=\"https:\/\/zelecsky-hradek.cz\/index.php\/2020\/02\/26\/stenatka-budou-v-dubnu\/\">\u00dano 26, 2020<\/a><\/time><\/div>\n\n\n<p class=\"has-contrast-2-color has-text-color\">\u2014<\/p>\n\n\n<div class=\"taxonomy-category wp-block-post-terms\"><a href=\"https:\/\/zelecsky-hradek.cz\/index.php\/category\/2020\/\" rel=\"tag\">2020<\/a><span class=\"wp-block-post-terms__separator\">, <\/span><a href=\"https:\/\/zelecsky-hradek.cz\/index.php\/category\/novinky\/\" rel=\"tag\">Novinky<\/a><span class=\"wp-block-post-terms__separator\">, <\/span><a href=\"https:\/\/zelecsky-hradek.cz\/index.php\/category\/stenata\/\" rel=\"tag\">\u0161t\u011b\u0148ata<\/a><\/div><\/div>\n<\/div>\n<\/div>\n\n<div class=\"wp-block-post-excerpt has-text-color has-contrast-2-color has-small-font-size wp-container-content-32e3a40d\"><p class=\"wp-block-post-excerpt__excerpt\">Kdy\u017e Hr\u00e1dek k Hr\u00e1dku sed\u00e1&#8230;. budou z toho \u0161t\u011b\u0148\u00e1tka Ano Iggy \u017dele\u010dsk\u00fd hr\u00e1dek &amp; Chance Slezsk\u00fd hr\u00e1dek se potkali a prob\u011bhlo kryt\u00ed. P\u0159edpokl\u00e1dan\u00e9 narozen\u00ed \u0161t\u011b\u0148\u00e1tek je 25.4.2020. <\/p><\/div>\n\n\n<div style=\"height:0px\" aria-hidden=\"true\" class=\"wp-block-spacer wp-container-content-32e3a40d\"><\/div>\n<\/div>\n\n<\/li><li class=\"wp-block-post post-992 post type-post status-publish format-standard has-post-thumbnail hentry category-34 category-co-delaji-borderky category-novinky tag-35 tag-co-delaji-borderky tag-novinky\">\n<figure style=\"aspect-ratio:3\/4; padding-bottom:var(--wp--preset--spacing--20);margin-bottom:0;\" class=\"wp-block-post-featured-image\"><a href=\"https:\/\/zelecsky-hradek.cz\/index.php\/2019\/12\/24\/krasne-vanoce-a-vse-nejlepsi-do-noveho-roku-2020-vam-preje-nase-smecka\/\" target=\"_self\"  ><img loading=\"lazy\" decoding=\"async\" width=\"960\" height=\"725\" src=\"https:\/\/zelecsky-hradek.cz\/wp-content\/uploads\/2024\/03\/krasne-vanoce.jpg\" class=\"attachment-post-thumbnail size-post-thumbnail wp-post-image\" alt=\"Kr\u00e1sn\u00e9 V\u00e1noce a v\u0161e nejlep\u0161\u00ed do nov\u00e9ho roku 2020 V\u00e1m p\u0159eje na\u0161e sm\u011b\u010dka\" style=\"width:100%;height:100%;object-fit:cover;\" srcset=\"https:\/\/zelecsky-hradek.cz\/wp-content\/uploads\/2024\/03\/krasne-vanoce.jpg 960w, https:\/\/zelecsky-hradek.cz\/wp-content\/uploads\/2024\/03\/krasne-vanoce-300x227.jpg 300w, https:\/\/zelecsky-hradek.cz\/wp-content\/uploads\/2024\/03\/krasne-vanoce-768x580.jpg 768w\" sizes=\"auto, (max-width: 960px) 100vw, 960px\" \/><\/a><\/figure>\n\n\n<div class=\"wp-block-group is-vertical is-nowrap is-layout-flex wp-container-core-group-is-layout-97ba36a5 wp-block-group-is-layout-flex\" style=\"margin-top:var(--wp--preset--spacing--20);padding-top:0\"><h2 class=\"wp-block-post-title has-large-font-size wp-container-content-32e3a40d\"><a href=\"https:\/\/zelecsky-hradek.cz\/index.php\/2019\/12\/24\/krasne-vanoce-a-vse-nejlepsi-do-noveho-roku-2020-vam-preje-nase-smecka\/\" target=\"_self\" >Kr\u00e1sn\u00e9 V\u00e1noce a v\u0161e nejlep\u0161\u00ed do nov\u00e9ho roku 2020 V\u00e1m p\u0159eje na\u0161e sm\u011b\u010dka<\/a><\/h2>\n\n<div class=\"wp-block-template-part\">\n<div class=\"wp-block-group has-global-padding is-layout-constrained wp-block-group-is-layout-constrained\">\n<div class=\"wp-block-group is-content-justification-left is-layout-flex wp-container-core-group-is-layout-dfe8e91f wp-block-group-is-layout-flex\"><div class=\"wp-block-post-date\"><time datetime=\"2019-12-24T18:22:00+01:00\"><a href=\"https:\/\/zelecsky-hradek.cz\/index.php\/2019\/12\/24\/krasne-vanoce-a-vse-nejlepsi-do-noveho-roku-2020-vam-preje-nase-smecka\/\">Pro 24, 2019<\/a><\/time><\/div>\n\n\n<p class=\"has-contrast-2-color has-text-color\">\u2014<\/p>\n\n\n<div class=\"taxonomy-category wp-block-post-terms\"><a href=\"https:\/\/zelecsky-hradek.cz\/index.php\/category\/2019\/\" rel=\"tag\">2019<\/a><span class=\"wp-block-post-terms__separator\">, <\/span><a href=\"https:\/\/zelecsky-hradek.cz\/index.php\/category\/co-delaji-borderky\/\" rel=\"tag\">co d\u011blaj\u00ed Borderky<\/a><span class=\"wp-block-post-terms__separator\">, <\/span><a href=\"https:\/\/zelecsky-hradek.cz\/index.php\/category\/novinky\/\" rel=\"tag\">Novinky<\/a><\/div><\/div>\n<\/div>\n<\/div>\n\n<div class=\"wp-block-post-excerpt has-text-color has-contrast-2-color has-small-font-size wp-container-content-32e3a40d\"><p class=\"wp-block-post-excerpt__excerpt\"> <\/p><\/div>\n\n\n<div style=\"height:0px\" aria-hidden=\"true\" class=\"wp-block-spacer wp-container-content-32e3a40d\"><\/div>\n<\/div>\n\n<\/li><\/ul>\n\n\n<div style=\"margin-top:0;margin-bottom:0;height:var(--wp--preset--spacing--40)\" aria-hidden=\"true\" class=\"wp-block-spacer\"><\/div>\n\n\n<nav class=\"wp-block-query-pagination is-content-justification-space-between is-layout-flex wp-container-core-query-pagination-is-layout-b2891da8 wp-block-query-pagination-is-layout-flex\" aria-label=\"Str\u00e1nkov\u00e1n\u00ed\">\n\n\n<div class=\"wp-block-query-pagination-numbers\"><span aria-current=\"page\" class=\"page-numbers current\">1<\/span>\n<a class=\"page-numbers\" href=\"?query-99-page=2\">2<\/a>\n<a class=\"page-numbers\" href=\"?query-99-page=3\">3<\/a>\n<span class=\"page-numbers dots\">&hellip;<\/span>\n<a class=\"page-numbers\" href=\"?query-99-page=8\">8<\/a><\/div>\n\n<a href=\"\/index.php\/wp-json\/wp\/v2\/pages\/6?query-99-page=2\" class=\"wp-block-query-pagination-next\">Dal\u0161\u00ed str\u00e1nka<span class='wp-block-query-pagination-next-arrow is-arrow-arrow' aria-hidden='true'>\u2192<\/span><\/a>\n<\/nav><\/div>\n<\/div>\n<\/div>\n","protected":false},"excerpt":{"rendered":"","protected":false},"author":1,"featured_media":750,"parent":0,"menu_order":1,"comment_status":"closed","ping_status":"closed","template":"","meta":{"ngg_post_thumbnail":0,"footnotes":""},"class_list":["post-6","page","type-page","status-publish","has-post-thumbnail","hentry"],"_links":{"self":[{"href":"https:\/\/zelecsky-hradek.cz\/index.php\/wp-json\/wp\/v2\/pages\/6","targetHints":{"allow":["GET"]}}],"collection":[{"href":"https:\/\/zelecsky-hradek.cz\/index.php\/wp-json\/wp\/v2\/pages"}],"about":[{"href":"https:\/\/zelecsky-hradek.cz\/index.php\/wp-json\/wp\/v2\/types\/page"}],"author":[{"embeddable":true,"href":"https:\/\/zelecsky-hradek.cz\/index.php\/wp-json\/wp\/v2\/users\/1"}],"replies":[{"embeddable":true,"href":"https:\/\/zelecsky-hradek.cz\/index.php\/wp-json\/wp\/v2\/comments?post=6"}],"version-history":[{"count":11,"href":"https:\/\/zelecsky-hradek.cz\/index.php\/wp-json\/wp\/v2\/pages\/6\/revisions"}],"predecessor-version":[{"id":1273,"href":"https:\/\/zelecsky-hradek.cz\/index.php\/wp-json\/wp\/v2\/pages\/6\/revisions\/1273"}],"wp:featuredmedia":[{"embeddable":true,"href":"https:\/\/zelecsky-hradek.cz\/index.php\/wp-json\/wp\/v2\/media\/750"}],"wp:attachment":[{"href":"https:\/\/zelecsky-hradek.cz\/index.php\/wp-json\/wp\/v2\/media?parent=6"}],"curies":[{"name":"wp","href":"https:\/\/api.w.org\/{rel}","templated":true}]}}