{"id":58,"date":"2024-03-01T09:36:27","date_gmt":"2024-03-01T08:36:27","guid":{"rendered":"https:\/\/zelecsky-hradek.cz\/?page_id=58"},"modified":"2024-03-20T11:47:53","modified_gmt":"2024-03-20T10:47:53","slug":"besi","status":"publish","type":"page","link":"https:\/\/zelecsky-hradek.cz\/index.php\/nasi-pejsci\/besi\/","title":{"rendered":"Besi"},"content":{"rendered":"\n<div class=\"wp-block-group is-vertical is-layout-flex wp-container-core-group-is-layout-fe9cc265 wp-block-group-is-layout-flex\">\n<p class=\"has-text-align-center\">V rodokmenu Alma Otasl\u00e1va, ale nikdo ji ne\u0159ekne jinak ne\u017e Besi. Narodila se 25. dubna 2004 v Otaslavic\u00edch u chovatele pana \u010cern\u00e9ho.<\/p>\n<\/div>\n\n\n\n<figure class=\"wp-block-image alignwide size-full\"><img loading=\"lazy\" decoding=\"async\" width=\"1000\" height=\"750\" src=\"https:\/\/zelecsky-hradek.cz\/wp-content\/uploads\/2024\/03\/besi_kouka_nahoru.jpg\" alt=\"\" class=\"wp-image-60\" srcset=\"https:\/\/zelecsky-hradek.cz\/wp-content\/uploads\/2024\/03\/besi_kouka_nahoru.jpg 1000w, https:\/\/zelecsky-hradek.cz\/wp-content\/uploads\/2024\/03\/besi_kouka_nahoru-300x225.jpg 300w, https:\/\/zelecsky-hradek.cz\/wp-content\/uploads\/2024\/03\/besi_kouka_nahoru-768x576.jpg 768w\" sizes=\"auto, (max-width: 1000px) 100vw, 1000px\" \/><\/figure>\n\n\n\n<hr class=\"wp-block-separator has-alpha-channel-opacity\"\/>\n\n\n\n<div class=\"wp-block-group alignfull has-background has-global-padding is-layout-constrained wp-container-core-group-is-layout-d89aad35 wp-block-group-is-layout-constrained\" style=\"background-color:#afc9b4;margin-top:0;margin-bottom:0;padding-top:var(--wp--preset--spacing--50);padding-right:var(--wp--preset--spacing--50);padding-bottom:var(--wp--preset--spacing--50);padding-left:var(--wp--preset--spacing--50)\">\n<div class=\"wp-block-columns alignwide are-vertically-aligned-center is-layout-flex wp-container-core-columns-is-layout-47c06fe3 wp-block-columns-is-layout-flex\">\n<div class=\"wp-block-column is-vertically-aligned-center is-layout-flow wp-block-column-is-layout-flow\" style=\"flex-basis:50%\">\n<h2 class=\"wp-block-heading\">Kynologie a \u00fasp\u011bchy<\/h2>\n\n\n\n<p>Besi m\u011bla velice r\u00e1da poslu\u0161nost a hlavn\u011b obranu. Dne 2. prosince 2006 byla na z\u00e1vod\u011b ZVV1 v Prost\u011bjov\u011b. Byl to Jav\u016frk\u016fv memori\u00e1l a \u00fa\u010dastnilo se ho 12 ps\u016f. Besinka skon\u010dila na 8 m\u00edst\u011b. Na ja\u0159e 2007 jsme byli na dal\u0161\u00edm z\u00e1vod\u011b dle ZVV1 v Boskovic\u00edch bylo tam 11 ps\u016f. Na\u0161e borderka zv\u00edt\u011bzila a byla na tomto z\u00e1vod\u011b vyhl\u00e1\u0161ena jako nejlep\u0161\u00ed obran\u00e1\u0159ka.<\/p>\n\n\n\n<p>Dne 25. dubna 2009 Besi ud\u011blala zkou\u0161ku IPO1. Ud\u011blali jsme dal\u0161\u00ed zkou\u0161ku stopa\u0159skou FPr1. Besi na podzim 2009 ud\u011blala je\u0161t\u011b zkou\u0161ku ZVV1, IPO2. Dne 14.listopadu 2009 jsme ud\u011blali dal\u0161\u00ed zkou\u0161ku IPO 3. 28.listopadu 2009 jsme s Besi byli na z\u00e1vod\u011b v Prost\u011bjov\u011b, byl to Jav\u016frk\u016fv memori\u00e1l dle ZVV1 obran\u00e1\u0159sk\u00fd beze stop kde bylo 12 ps\u016f, 10 n\u011bmeck\u00fdch ov\u010d\u00e1k\u016f, 1 oha\u0159 a 1 border collie Alma Otasl\u00e1va. Obsadili jsme kr\u00e1sn\u00e9 3. m\u00edsto. Poslu\u0161nost 92 bod\u016f, obrana 95 bod\u016f. Dne 28. srpna 2010 jsme byli s Besi na vystoupen\u00ed pro d\u011bti v Dobromilic\u00edch.<\/p>\n<\/div>\n\n\n\n<div class=\"wp-block-column is-vertically-aligned-center is-layout-flow wp-block-column-is-layout-flow\" style=\"flex-basis:50%\">\n<figure class=\"wp-block-image size-full is-resized is-style-rounded is-style-rounded--1\"><img loading=\"lazy\" decoding=\"async\" width=\"1024\" height=\"679\" src=\"https:\/\/zelecsky-hradek.cz\/wp-content\/uploads\/2024\/03\/besi_poslusnost_skok_pres_prekazku_s_cinkou.jpg\" alt=\"\" class=\"wp-image-63\" style=\"aspect-ratio:1.3333333333333333;object-fit:cover;width:536px;height:auto\" srcset=\"https:\/\/zelecsky-hradek.cz\/wp-content\/uploads\/2024\/03\/besi_poslusnost_skok_pres_prekazku_s_cinkou.jpg 1024w, https:\/\/zelecsky-hradek.cz\/wp-content\/uploads\/2024\/03\/besi_poslusnost_skok_pres_prekazku_s_cinkou-300x199.jpg 300w, https:\/\/zelecsky-hradek.cz\/wp-content\/uploads\/2024\/03\/besi_poslusnost_skok_pres_prekazku_s_cinkou-768x509.jpg 768w\" sizes=\"auto, (max-width: 1024px) 100vw, 1024px\" \/><\/figure>\n<\/div>\n<\/div>\n<\/div>\n\n\n\n<div class=\"wp-block-group alignfull has-global-padding is-layout-constrained wp-container-core-group-is-layout-d89aad35 wp-block-group-is-layout-constrained\" style=\"margin-top:0;margin-bottom:0;padding-top:var(--wp--preset--spacing--50);padding-right:var(--wp--preset--spacing--50);padding-bottom:var(--wp--preset--spacing--50);padding-left:var(--wp--preset--spacing--50)\">\n<div class=\"wp-block-columns alignwide are-vertically-aligned-center is-layout-flex wp-container-core-columns-is-layout-47c06fe3 wp-block-columns-is-layout-flex\">\n<div class=\"wp-block-column is-vertically-aligned-center is-layout-flow wp-block-column-is-layout-flow\" style=\"flex-basis:50%\">\n<figure class=\"wp-block-image size-full is-style-rounded is-style-rounded--2\"><img loading=\"lazy\" decoding=\"async\" width=\"1001\" height=\"549\" src=\"https:\/\/zelecsky-hradek.cz\/wp-content\/uploads\/2024\/03\/besi_nastup_1.jpg\" alt=\"\" class=\"wp-image-61\" style=\"aspect-ratio:4\/3;object-fit:cover\" srcset=\"https:\/\/zelecsky-hradek.cz\/wp-content\/uploads\/2024\/03\/besi_nastup_1.jpg 1001w, https:\/\/zelecsky-hradek.cz\/wp-content\/uploads\/2024\/03\/besi_nastup_1-300x165.jpg 300w, https:\/\/zelecsky-hradek.cz\/wp-content\/uploads\/2024\/03\/besi_nastup_1-768x421.jpg 768w\" sizes=\"auto, (max-width: 1001px) 100vw, 1001px\" \/><\/figure>\n<\/div>\n\n\n\n<div class=\"wp-block-column is-vertically-aligned-center is-layout-flow wp-block-column-is-layout-flow\" style=\"flex-basis:50%\">\n<h2 class=\"wp-block-heading\">Jav\u016frk\u016fv memori\u00e1l <\/h2>\n\n\n\n<p>20. listopadu 2010 jsme byli na z\u00e1vod\u011b Jav\u016frk\u016fv memori\u00e1l tentokr\u00e1t dle ZVV 2 kde bylo 7 ps\u016f, 5 n\u011bm. ov\u010d\u00e1k\u016f, 1 rotwajer a Besi \u2013 borderka. Skon\u010dili jsme na 5 m\u00edst\u011b, poslu\u0161nost 87 obrana 81 nevy\u0161lo n\u00e1m zadr\u017een\u00ed, kde se Besi utrhla, ale zato proti\u00fatok byl perfektn\u00ed. <\/p>\n\n\n\n<p>V listopadu 2011 byl v Prost\u011bjov\u011b dal\u0161\u00ed z\u00e1vod dle ZVV 2, tentokr\u00e1t tam bylo 6 ps\u016f, 5 n\u011bm. ov\u010d\u00e1k\u016f a na\u0161e borderka. Moc r\u016f\u017eov\u011b jsme to nevid\u011bli, ale na poslu\u0161nosti jsme m\u011bli 87 bod\u016f, rozhod\u010d\u00ed jen \u0159ekla, \u017ee posledn\u00ed nebudeme a rozhodnou obrany. M\u011bla pravdu. Na obran\u011b jsme m\u011bli 91 a byla to nejlep\u0161\u00ed obrana. Tak jsme celkov\u011b skon\u010dili na 2. m\u00edst\u011b a byla vyhl\u00e1\u0161ena i jako nejlep\u0161\u00ed obran\u00e1\u0159ka.<\/p>\n<\/div>\n<\/div>\n<\/div>\n\n\n\n<div class=\"wp-block-group alignfull has-accent-4-background-color has-background has-global-padding is-layout-constrained wp-container-core-group-is-layout-d89aad35 wp-block-group-is-layout-constrained\" style=\"margin-top:0;margin-bottom:0;padding-top:var(--wp--preset--spacing--50);padding-right:var(--wp--preset--spacing--50);padding-bottom:var(--wp--preset--spacing--50);padding-left:var(--wp--preset--spacing--50)\">\n<div class=\"wp-block-columns alignwide are-vertically-aligned-top is-layout-flex wp-container-core-columns-is-layout-47c06fe3 wp-block-columns-is-layout-flex\">\n<div class=\"wp-block-column is-vertically-aligned-top is-layout-flow wp-block-column-is-layout-flow\" style=\"flex-basis:50%\">\n<h2 class=\"wp-block-heading\">To nejlep\u0161\u00ed na konec<\/h2>\n\n\n\n<p>V roce 2013 si Besinka (ve sv\u00fdch 9 letech) odsko\u010dila z jej\u00edho pohodov\u00e9ho u\u017e t\u00e9m\u011b\u0159 d\u016fchodov\u00e9ho \u017eivota na obran\u00e1\u0159sk\u00fd z\u00e1vod dle ZVV2. Byl to op\u011bt Jav\u016frk\u016fv memori\u00e1l, kter\u00fd se konal 23. listopadu 2013 v Prost\u011bjov\u011b. <\/p>\n\n\n\n<p>Besinka nejen, \u017ee vyhr\u00e1la svoji kategorii, ale stala se i absolutn\u00edm v\u00edt\u011bzem cel\u00e9ho z\u00e1vodu a svoji sl\u00e1vu si moc u\u017e\u00edvala.<\/p>\n<\/div>\n\n\n\n<div class=\"wp-block-column is-vertically-aligned-top is-layout-flow wp-block-column-is-layout-flow\" style=\"flex-basis:50%\">\n<figure class=\"wp-block-image size-full is-style-rounded is-style-rounded--3\"><img loading=\"lazy\" decoding=\"async\" width=\"1000\" height=\"750\" src=\"https:\/\/zelecsky-hradek.cz\/wp-content\/uploads\/2024\/03\/besi_s_poharama_ok.jpg\" alt=\"\" class=\"wp-image-65\" style=\"aspect-ratio:4\/3;object-fit:cover\" srcset=\"https:\/\/zelecsky-hradek.cz\/wp-content\/uploads\/2024\/03\/besi_s_poharama_ok.jpg 1000w, https:\/\/zelecsky-hradek.cz\/wp-content\/uploads\/2024\/03\/besi_s_poharama_ok-300x225.jpg 300w, https:\/\/zelecsky-hradek.cz\/wp-content\/uploads\/2024\/03\/besi_s_poharama_ok-768x576.jpg 768w\" sizes=\"auto, (max-width: 1000px) 100vw, 1000px\" \/><\/figure>\n<\/div>\n<\/div>\n<\/div>\n\n\n\n<div class=\"wp-block-group alignfull has-global-padding is-layout-constrained wp-container-core-group-is-layout-d89aad35 wp-block-group-is-layout-constrained\" style=\"margin-top:0;margin-bottom:0;padding-top:var(--wp--preset--spacing--50);padding-right:var(--wp--preset--spacing--50);padding-bottom:var(--wp--preset--spacing--50);padding-left:var(--wp--preset--spacing--50)\">\n<div class=\"wp-block-columns alignwide are-vertically-aligned-top is-layout-flex wp-container-core-columns-is-layout-47c06fe3 wp-block-columns-is-layout-flex\">\n<div class=\"wp-block-column is-vertically-aligned-top is-layout-flow wp-block-column-is-layout-flow\" style=\"flex-basis:50%\">\n<figure class=\"wp-block-image size-full is-style-rounded is-style-rounded--4\"><img loading=\"lazy\" decoding=\"async\" width=\"1000\" height=\"739\" src=\"https:\/\/zelecsky-hradek.cz\/wp-content\/uploads\/2024\/03\/besi_a_stenatko_ok.jpg\" alt=\"\" class=\"wp-image-59\" style=\"aspect-ratio:4\/3;object-fit:cover\" srcset=\"https:\/\/zelecsky-hradek.cz\/wp-content\/uploads\/2024\/03\/besi_a_stenatko_ok.jpg 1000w, https:\/\/zelecsky-hradek.cz\/wp-content\/uploads\/2024\/03\/besi_a_stenatko_ok-300x222.jpg 300w, https:\/\/zelecsky-hradek.cz\/wp-content\/uploads\/2024\/03\/besi_a_stenatko_ok-768x568.jpg 768w\" sizes=\"auto, (max-width: 1000px) 100vw, 1000px\" \/><\/figure>\n<\/div>\n\n\n\n<div class=\"wp-block-column is-vertically-aligned-top is-layout-flow wp-block-column-is-layout-flow\" style=\"flex-basis:50%\">\n<h2 class=\"wp-block-heading\">\u0160t\u011b\u0148\u00e1tka<\/h2>\n\n\n\n<p>Besi odchovala 6 vrh\u016f \u0161t\u011b\u0148\u00e1tek. Byly to vrhy A, B, C, D, E a G. V\u00edce informac\u00ed a fotek o \u0161t\u011b\u0148\u00e1tk\u00e1ch po Besince najdete v Besi \u2013 odchovy.<\/p>\n\n\n\n<div class=\"wp-block-buttons is-layout-flex wp-block-buttons-is-layout-flex\">\n<div class=\"wp-block-button\"><a class=\"wp-block-button__link wp-element-button\" href=\"https:\/\/zelecsky-hradek.cz\/index.php\/odchovy\/besi-odchovy\/\">Besi &#8211; odchovy<\/a><\/div>\n<\/div>\n<\/div>\n<\/div>\n<\/div>\n\n\n\n<div class=\"wp-block-group alignfull has-accent-4-background-color has-background has-global-padding is-layout-constrained wp-container-core-group-is-layout-d89aad35 wp-block-group-is-layout-constrained\" style=\"margin-top:0;margin-bottom:0;padding-top:var(--wp--preset--spacing--50);padding-right:var(--wp--preset--spacing--50);padding-bottom:var(--wp--preset--spacing--50);padding-left:var(--wp--preset--spacing--50)\">\n<div class=\"wp-block-columns alignwide are-vertically-aligned-center is-layout-flex wp-container-core-columns-is-layout-47c06fe3 wp-block-columns-is-layout-flex\">\n<div class=\"wp-block-column is-vertically-aligned-center is-layout-flow wp-block-column-is-layout-flow\" style=\"flex-basis:50%\">\n<h2 class=\"wp-block-heading\">Zdrav\u00ed a zkou\u0161ky<\/h2>\n\n\n\n<p><strong>Otec<\/strong>: Clydebank Brit<br><strong>Matka<\/strong>: Bendy Darley Arabian<\/p>\n\n\n\n<p>chovn\u00e1 2\/1 limbapnsnna \/ M1W3<\/p>\n\n\n\n<p><strong>Zkou\u0161ky<\/strong>: <\/p>\n\n\n\n<ul class=\"is-style-checkmark-list wp-block-list\">\n<li>ZZO, <\/li>\n\n\n\n<li>ZOP, <\/li>\n\n\n\n<li>BH , <\/li>\n\n\n\n<li>ZVOP, <\/li>\n\n\n\n<li>SchH A,<\/li>\n\n\n\n<li>ZVV 1, ZVV 2, <\/li>\n\n\n\n<li>IPO 1, IPO 2, IPO 3<\/li>\n<\/ul>\n\n\n\n<p>Besi zem\u0159ela n\u00e1hle dne 17.10.2017 ve v\u011bku 13,5 let.<\/p>\n\n\n\n<div class=\"wp-block-buttons is-layout-flex wp-block-buttons-is-layout-flex\">\n<div class=\"wp-block-button\"><a class=\"wp-block-button__link wp-element-button\" href=\"https:\/\/zelecsky-hradek.cz\/index.php\/o-nas\/rodokmeny-a-zdravi\/#Besi-rodokmen\">Rodokmen<\/a><\/div>\n<\/div>\n<\/div>\n\n\n\n<div class=\"wp-block-column is-vertically-aligned-center is-layout-flow wp-block-column-is-layout-flow\" style=\"flex-basis:50%\">\n<figure class=\"wp-block-image size-full is-resized is-style-rounded is-style-rounded--5\"><img loading=\"lazy\" decoding=\"async\" width=\"1000\" height=\"750\" src=\"https:\/\/zelecsky-hradek.cz\/wp-content\/uploads\/2024\/03\/besi_pred_domem.jpg\" alt=\"\" class=\"wp-image-64\" style=\"object-fit:cover;width:450px;height:auto\" srcset=\"https:\/\/zelecsky-hradek.cz\/wp-content\/uploads\/2024\/03\/besi_pred_domem.jpg 1000w, https:\/\/zelecsky-hradek.cz\/wp-content\/uploads\/2024\/03\/besi_pred_domem-300x225.jpg 300w, https:\/\/zelecsky-hradek.cz\/wp-content\/uploads\/2024\/03\/besi_pred_domem-768x576.jpg 768w\" sizes=\"auto, (max-width: 1000px) 100vw, 1000px\" \/><\/figure>\n<\/div>\n<\/div>\n<\/div>\n","protected":false},"excerpt":{"rendered":"<p>V rodokmenu Alma Otasl\u00e1va, ale nikdo ji ne\u0159ekne jinak ne\u017e Besi. Narodila se 25. dubna 2004 v Otaslavic\u00edch u chovatele pana \u010cern\u00e9ho. Kynologie a \u00fasp\u011bchy Besi m\u011bla velice r\u00e1da poslu\u0161nost a hlavn\u011b obranu. Dne 2. prosince 2006 byla na z\u00e1vod\u011b ZVV1 v Prost\u011bjov\u011b. Byl to Jav\u016frk\u016fv memori\u00e1l a \u00fa\u010dastnilo se ho 12 ps\u016f. Besinka skon\u010dila [&hellip;]<\/p>\n","protected":false},"author":1,"featured_media":0,"parent":25,"menu_order":6,"comment_status":"closed","ping_status":"closed","template":"","meta":{"ngg_post_thumbnail":0,"footnotes":""},"class_list":["post-58","page","type-page","status-publish","hentry"],"_links":{"self":[{"href":"https:\/\/zelecsky-hradek.cz\/index.php\/wp-json\/wp\/v2\/pages\/58","targetHints":{"allow":["GET"]}}],"collection":[{"href":"https:\/\/zelecsky-hradek.cz\/index.php\/wp-json\/wp\/v2\/pages"}],"about":[{"href":"https:\/\/zelecsky-hradek.cz\/index.php\/wp-json\/wp\/v2\/types\/page"}],"author":[{"embeddable":true,"href":"https:\/\/zelecsky-hradek.cz\/index.php\/wp-json\/wp\/v2\/users\/1"}],"replies":[{"embeddable":true,"href":"https:\/\/zelecsky-hradek.cz\/index.php\/wp-json\/wp\/v2\/comments?post=58"}],"version-history":[{"count":5,"href":"https:\/\/zelecsky-hradek.cz\/index.php\/wp-json\/wp\/v2\/pages\/58\/revisions"}],"predecessor-version":[{"id":1307,"href":"https:\/\/zelecsky-hradek.cz\/index.php\/wp-json\/wp\/v2\/pages\/58\/revisions\/1307"}],"up":[{"embeddable":true,"href":"https:\/\/zelecsky-hradek.cz\/index.php\/wp-json\/wp\/v2\/pages\/25"}],"wp:attachment":[{"href":"https:\/\/zelecsky-hradek.cz\/index.php\/wp-json\/wp\/v2\/media?parent=58"}],"curies":[{"name":"wp","href":"https:\/\/api.w.org\/{rel}","templated":true}]}}